{"id":6316,"date":"2023-05-31T11:07:42","date_gmt":"2023-05-31T09:07:42","guid":{"rendered":"http:\/\/isabena.local\/inicio\/"},"modified":"2025-12-09T12:56:06","modified_gmt":"2025-12-09T11:56:06","slug":"home","status":"publish","type":"page","link":"https:\/\/www.isabena.eu\/en\/","title":{"rendered":"Home"},"content":{"rendered":"<section class=\"blq-banner-carousel\">\n\t<div class=\"bg with-overlay\">\n\t\t\t\t\t<video width=\"600\" height=\"400\" autoplay loop playsinline muted=\"muted\">\n\t\t\t\t<source src=\"https:\/\/www.isabena.eu\/wp-content\/uploads\/2023\/07\/finalhome-1920-1.mp4\" type=\"video\/mp4\">\n\t\t\t<\/video>\n\t\t\t<\/div>\n\t\t\t<div class=\"box-content\">\n\t\t<div class=\"container\">\n\t\t\t\t\t\t\t<h1>Camping in the spanish Pyrenees<\/h1>\n\t\t\t\t\t\t\t\t\t<div class='content'><p>Discover your next great adventure<\/p>\n<div class=\"bx-form-reserve\"><ctv-searchbar data-force-open-up><\/ctv-searchbar><\/div>\n<\/div>\n\t\t\t\t\t\t\t\t\t\t\t\t\t<\/div>\n\t<\/div>\n\t<\/section>\n\t<section class='blq-banner-carousel-txt'>\n\t\t<div class='carousel'>\n\t\t\t\t\t\t\t<div class='txt'><p>Activities<\/p><\/div>\n\t\t\t\t\t\t\t<div class='txt'><p>Wellness<\/p><\/div>\n\t\t\t\t\t\t\t<div class='txt'><p>Motorcycle routes<\/p><\/div>\n\t\t\t\t\t\t\t<div class='txt'><p>Camping &#038; Bungalowpark<\/p><\/div>\n\t\t\t\t\t\t\t\t\t\t<div class='txt'><p>Activities<\/p><\/div>\n\t\t\t\t\t\t\t<div class='txt'><p>Wellness<\/p><\/div>\n\t\t\t\t\t\t\t<div class='txt'><p>Motorcycle routes<\/p><\/div>\n\t\t\t\t\t\t\t<div class='txt'><p>Camping &#038; Bungalowpark<\/p><\/div>\n\t\t\t\t\t<\/div>\n\t<\/section>\n\n\n<section class=\"blq-banner-img-txt   \" >\n\t<div class=\"container\">\n\t\t<div class=\"img gs_reveal gs_reveal_fromRight\">\n\t\t\t\n\t\t\t\t\t\t<img decoding=\"async\" width=\"2560\" height=\"1920\" src=\"https:\/\/www.isabena.eu\/wp-content\/uploads\/2023\/07\/2305.009361-scaled.jpg\" class=\"front\" alt=\"Vista a\u00e9rea del Camping Is\u00e1bena, con su piscina perfecta para disfrutar de vacaciones en verano en el Pirineo aragon\u00e9s. Aerial view of Camping Is\u00e1bena, with its pool, perfect for enjoying a summer vacation in the Aragonese Pyrenees. Vue a\u00e9rienne du Camping Is\u00e1bena, avec sa piscine, parfaite pour profiter de vacances d&#039;\u00e9t\u00e9 dans les Pyr\u00e9n\u00e9es aragonaises. Luftaufnahme des Campingplatzes Is\u00e1bena mit seinem Pool, perfekt f\u00fcr einen Sommerurlaub in den aragonesischen Pyren\u00e4en. Luchtfoto van Camping Is\u00e1bena, met zwembad, ideaal voor een zomervakantie in de Aragonese Pyrenee\u00ebn.\" srcset=\"https:\/\/www.isabena.eu\/wp-content\/uploads\/2023\/07\/2305.009361-scaled.jpg 2560w, https:\/\/www.isabena.eu\/wp-content\/uploads\/2023\/07\/2305.009361-300x225.jpg 300w, https:\/\/www.isabena.eu\/wp-content\/uploads\/2023\/07\/2305.009361-1024x768.jpg 1024w, https:\/\/www.isabena.eu\/wp-content\/uploads\/2023\/07\/2305.009361-768x576.jpg 768w, https:\/\/www.isabena.eu\/wp-content\/uploads\/2023\/07\/2305.009361-1536x1152.jpg 1536w, https:\/\/www.isabena.eu\/wp-content\/uploads\/2023\/07\/2305.009361-2048x1536.jpg 2048w, https:\/\/www.isabena.eu\/wp-content\/uploads\/2023\/07\/2305.009361-1747x1310.jpg 1747w\" sizes=\"(max-width: 2560px) 100vw, 2560px\" \/>\t\t\t\t\t\t\t<img decoding=\"async\" width=\"2560\" height=\"1708\" src=\"https:\/\/www.isabena.eu\/wp-content\/uploads\/2023\/07\/2305.007591-scaled.jpg\" class=\"back\" alt=\"Foto de bungalows acogedores y r\u00fasticos de Camping Is\u00e1bena en el Pirineo aragon\u00e9s. Perfectos para escapadas en familia en plena naturaleza.\" srcset=\"https:\/\/www.isabena.eu\/wp-content\/uploads\/2023\/07\/2305.007591-scaled.jpg 2560w, https:\/\/www.isabena.eu\/wp-content\/uploads\/2023\/07\/2305.007591-300x200.jpg 300w, https:\/\/www.isabena.eu\/wp-content\/uploads\/2023\/07\/2305.007591-1024x683.jpg 1024w, https:\/\/www.isabena.eu\/wp-content\/uploads\/2023\/07\/2305.007591-768x512.jpg 768w, https:\/\/www.isabena.eu\/wp-content\/uploads\/2023\/07\/2305.007591-1536x1025.jpg 1536w, https:\/\/www.isabena.eu\/wp-content\/uploads\/2023\/07\/2305.007591-2048x1366.jpg 2048w, https:\/\/www.isabena.eu\/wp-content\/uploads\/2023\/07\/2305.007591-1964x1310.jpg 1964w\" sizes=\"(max-width: 2560px) 100vw, 2560px\" \/>\t\t\t\t\t<\/div>\n\t\t<div class=\"txt gs_reveal gs_reveal_fromLeft\">\n\t\t\t<div class='bx'>\n\t\t\t\t<h2 class=\"title\">Camping &#038; Bungalowpark Is\u00e1bena<\/h2>\n\t\t\t\t<div class=\"content\"><h4><em>A\u00a0paradies in the spanish pyrenees<\/em><\/h4>\n<p>Welcome to Camping &amp; Bungalowpark Is\u00e1bena in La Puebla de Roda, in the South-Central Pyrenees in the province of Huesca, Arag\u00f3n.<\/p>\n<p>o Run by the Spanish-German family Bad\u00eda, we offer a cozy atmosphere with different accommodation options such as bungalows, mobile homes, wooden houses, and camping plots.<\/p>\n<p>o With thousands of available activities, such as a bar-restaurant and a modern spa, we will welcome you with a close and friendly treatment, we will assist you with any questions you may have and support you in the organization of your excursions.<\/p>\n<\/div>\n\t\t\t\t\t\t\t\t\t<div class=\"btn-link\">\n\t\t\t\t\t\t\t\t\t\t\t\t<a href=\"https:\/\/bookingpremium.secureholiday.net\/en\/5221\/search\/product-list?searchType=exact&#038;productType=all&#038;filterStatus=showPeriod\" class=''>Book<\/a>\n\t\t\t\t\t<\/div>\n\t\t\t\t\t\t\t<\/div>\n\t\t<\/div>\n\t<\/div>\n<\/section>\n\n\n<section class=\"blq-banner-img-txt banner-inverse banner-verde \" >\n\t<div class=\"container\">\n\t\t<div class=\"img gs_reveal gs_reveal_fromLeft\">\n\t\t\t\n\t\t\t\t\t\t<img decoding=\"async\" width=\"2560\" height=\"1707\" src=\"https:\/\/www.isabena.eu\/wp-content\/uploads\/2023\/07\/Foto-valle-scaled.jpg\" class=\"front\" alt=\"Imagen de los picos de los pirineos vistos desde el Camping Is\u00e1bena en los pirineos aragoneses. Afbeelding van de toppen van de Pyrenee\u00ebn, gezien vanaf de camping Is\u00e1bena in de Aragonese Pyrenee\u00ebn. Bild der Gipfel der Pyren\u00e4en vom Campingplatz Is\u00e1bena in den aragonesischen Pyren\u00e4en aus gesehen. Image of the peaks of the Pyrenees seen from the Is\u00e1bena Campsite in the Aragonese Pyrenees. Image des sommets des Pyr\u00e9n\u00e9es vus depuis le camping d&#039;Is\u00e1bena dans les Pyr\u00e9n\u00e9es aragonaises.\" srcset=\"https:\/\/www.isabena.eu\/wp-content\/uploads\/2023\/07\/Foto-valle-scaled.jpg 2560w, https:\/\/www.isabena.eu\/wp-content\/uploads\/2023\/07\/Foto-valle-300x200.jpg 300w, https:\/\/www.isabena.eu\/wp-content\/uploads\/2023\/07\/Foto-valle-1024x683.jpg 1024w, https:\/\/www.isabena.eu\/wp-content\/uploads\/2023\/07\/Foto-valle-768x512.jpg 768w, https:\/\/www.isabena.eu\/wp-content\/uploads\/2023\/07\/Foto-valle-1536x1024.jpg 1536w, https:\/\/www.isabena.eu\/wp-content\/uploads\/2023\/07\/Foto-valle-2048x1365.jpg 2048w, https:\/\/www.isabena.eu\/wp-content\/uploads\/2023\/07\/Foto-valle-1965x1310.jpg 1965w\" sizes=\"(max-width: 2560px) 100vw, 2560px\" \/>\t\t\t\t\t\t\t<img decoding=\"async\" width=\"591\" height=\"525\" src=\"https:\/\/www.isabena.eu\/wp-content\/uploads\/2023\/06\/bar-restaurante.svg\" class=\"back\" alt=\"\" \/>\t\t\t\t\t<\/div>\n\t\t<div class=\"txt gs_reveal gs_reveal_fromRight\">\n\t\t\t<div class='bx'>\n\t\t\t\t<h2 class=\"title\"> Live an unforgettable experience<\/h2>\n\t\t\t\t<div class=\"content\"><h4><em>Discover Is\u00e1bena <\/em><\/h4>\n<p>In the <strong>Is\u00e1bena Valley<\/strong>, you can enjoy outdoor activities such as hiking, mountain biking, horseback riding, water sports and climbing. For those interested in culture, we recommend visiting the nearby picturesque villages, such as <strong>Roda de Is\u00e1bena with its Romanesque cathedral or the capital of the province, Huesca<\/strong>.<\/p>\n<\/div>\n\t\t\t\t\t\t\t\t\t<div class=\"btn-link\">\n\t\t\t\t\t\t\t\t\t\t\t\t<a href=\"activities\" class=''>See activities<\/a>\n\t\t\t\t\t<\/div>\n\t\t\t\t\t\t\t<\/div>\n\t\t<\/div>\n\t<\/div>\n<\/section>\n\n\n<section class=\"blq-banner-img-txt   banner-with-container-image60\" >\n\t<div class=\"container\">\n\t\t<div class=\"img gs_reveal gs_reveal_fromRight\">\n\t\t\t\n\t\t\t\t\t\t<img decoding=\"async\" width=\"1073\" height=\"510\" src=\"https:\/\/www.isabena.eu\/wp-content\/uploads\/2023\/06\/im-motor.svg\" class=\"\" alt=\"\" \/>\t\t\t\t\t<\/div>\n\t\t<div class=\"txt gs_reveal gs_reveal_fromLeft\">\n\t\t\t<div class='bx'>\n\t\t\t\t<h2 class=\"title\">The best curves for motorcycle lovers <\/h2>\n\t\t\t\t<div class=\"content\"><h4><em>The Pyrenees by motorcycle <\/em><\/h4>\n<p>The Pyrenees are a natural paradise offering a unique combination of nature and great routes, which attract motorcyclists from all over Europe.<\/p>\n<\/div>\n\t\t\t\t\t\t\t\t\t<div class=\"btn-link\">\n\t\t\t\t\t\t\t\t\t\t\t\t<a href=\"motorcycle-routes\" class=''>Discover motorcycle routes<\/a>\n\t\t\t\t\t<\/div>\n\t\t\t\t\t\t\t<\/div>\n\t\t<\/div>\n\t<\/div>\n<\/section>\n\n\n<section class=\"blq-banner-img-txt banner-inverse banner-verde \" >\n\t<div class=\"container\">\n\t\t<div class=\"img gs_reveal gs_reveal_fromLeft\">\n\t\t\t\n\t\t\t\t\t\t<img decoding=\"async\" width=\"1919\" height=\"872\" src=\"https:\/\/www.isabena.eu\/wp-content\/uploads\/2025\/12\/Tour-Virtual-360.jpg\" class=\"front\" alt=\"\" srcset=\"https:\/\/www.isabena.eu\/wp-content\/uploads\/2025\/12\/Tour-Virtual-360.jpg 1919w, https:\/\/www.isabena.eu\/wp-content\/uploads\/2025\/12\/Tour-Virtual-360-300x136.jpg 300w, https:\/\/www.isabena.eu\/wp-content\/uploads\/2025\/12\/Tour-Virtual-360-1024x465.jpg 1024w, https:\/\/www.isabena.eu\/wp-content\/uploads\/2025\/12\/Tour-Virtual-360-768x349.jpg 768w, https:\/\/www.isabena.eu\/wp-content\/uploads\/2025\/12\/Tour-Virtual-360-1536x698.jpg 1536w\" sizes=\"(max-width: 1919px) 100vw, 1919px\" \/>\t\t\t\t\t\t\t<img decoding=\"async\" width=\"1918\" height=\"866\" src=\"https:\/\/www.isabena.eu\/wp-content\/uploads\/2025\/12\/Tour-Virtual-360-Recepcion.jpg\" class=\"back\" alt=\"\" srcset=\"https:\/\/www.isabena.eu\/wp-content\/uploads\/2025\/12\/Tour-Virtual-360-Recepcion.jpg 1918w, https:\/\/www.isabena.eu\/wp-content\/uploads\/2025\/12\/Tour-Virtual-360-Recepcion-300x135.jpg 300w, https:\/\/www.isabena.eu\/wp-content\/uploads\/2025\/12\/Tour-Virtual-360-Recepcion-1024x462.jpg 1024w, https:\/\/www.isabena.eu\/wp-content\/uploads\/2025\/12\/Tour-Virtual-360-Recepcion-768x347.jpg 768w, https:\/\/www.isabena.eu\/wp-content\/uploads\/2025\/12\/Tour-Virtual-360-Recepcion-1536x694.jpg 1536w\" sizes=\"(max-width: 1918px) 100vw, 1918px\" \/>\t\t\t\t\t<\/div>\n\t\t<div class=\"txt gs_reveal gs_reveal_fromRight\">\n\t\t\t<div class='bx'>\n\t\t\t\t<h2 class=\"title\">360\u00ba virtual tour<\/h2>\n\t\t\t\t<div class=\"content\"><h3>Explore Bungalowcamp Is\u00e1bena like never before<\/h3>\n<p>We invite you to explore every corner of our campsite with the new <span style=\"color: #ffffff;\"><a style=\"color: #ffffff;\" href=\"https:\/\/www.isabena.eu\/tour360\/\"><strong>360\u00ba virtual tour<\/strong><\/a><\/span>: stroll through our cabins, explore the mobile homes, visit the reception area, sit in the restaurant, and enjoy all the spaces that will make your stay an unforgettable experience.<\/p>\n<p>An immersive tour developed by <span style=\"color: #ffffff;\"><a style=\"color: #ffffff;\" href=\"https:\/\/www.movimientotecnologicorural.org\/bici-ruta-rural-b-rutal\/\" target=\"_blank\" rel=\"noopener\"><strong>Brutal, a rural technology movement<\/strong><\/a><\/span>, so you can experience Is\u00e1bena wherever you are.<\/p>\n<\/div>\n\t\t\t\t\t\t\t\t\t<div class=\"btn-link\">\n\t\t\t\t\t\t\t\t\t\t\t\t<a href=\"activities\" class=''>View 360\u00ba Virtual Tour<\/a>\n\t\t\t\t\t<\/div>\n\t\t\t\t\t\t\t<\/div>\n\t\t<\/div>\n\t<\/div>\n<\/section>\n\n\n<section class=\"blq-banner-img-txt  banner-white banner-with-container-image60\" >\n\t<div class=\"container\">\n\t\t<div class=\"img gs_reveal gs_reveal_fromRight\">\n\t\t\t\n\t\t\t\t\t\t<img decoding=\"async\" width=\"1920\" height=\"870\" src=\"https:\/\/www.isabena.eu\/wp-content\/uploads\/2017\/05\/isabena-camping-pool.jpg\" class=\"\" alt=\"Relax en Camping Bungalow en los Pirineos espa\u00f1oles con hamacas, piscina, tumbonas, etc. Ontspan in een kampeerbungalow in de Spaanse Pyrenee\u00ebn met hangmatten, een zwembad, ligstoelen en meer. Entspannen Sie sich in einem Campingbungalow in den spanischen Pyren\u00e4en mit H\u00e4ngematten, Pool, Sonnenliegen und mehr. Relax in a camping bungalow in the Spanish Pyrenees with hammocks, a pool, sun loungers, and more. D\u00e9tendez-vous dans un bungalow de camping dans les Pyr\u00e9n\u00e9es espagnoles avec hamacs, piscine, chaises longues et plus encore.\" srcset=\"https:\/\/www.isabena.eu\/wp-content\/uploads\/2017\/05\/isabena-camping-pool.jpg 1920w, https:\/\/www.isabena.eu\/wp-content\/uploads\/2017\/05\/isabena-camping-pool-300x136.jpg 300w, https:\/\/www.isabena.eu\/wp-content\/uploads\/2017\/05\/isabena-camping-pool-1024x464.jpg 1024w, https:\/\/www.isabena.eu\/wp-content\/uploads\/2017\/05\/isabena-camping-pool-768x348.jpg 768w, https:\/\/www.isabena.eu\/wp-content\/uploads\/2017\/05\/isabena-camping-pool-1536x696.jpg 1536w\" sizes=\"(max-width: 1920px) 100vw, 1920px\" \/>\t\t\t\t\t<\/div>\n\t\t<div class=\"txt gs_reveal gs_reveal_fromLeft\">\n\t\t\t<div class='bx'>\n\t\t\t\t<h2 class=\"title\">Well-being and tranquility<\/h2>\n\t\t\t\t<div class=\"content\"><h4><em>Disconnection assured <\/em><\/h4>\n<p>Discover a unique experience in our spa area, to take care of your body and mind. The perfect place to rest, relax and reset.<\/p>\n<\/div>\n\t\t\t\t\t\t\t\t\t<div class=\"btn-link\">\n\t\t\t\t\t\t\t\t\t\t\t\t<a href=\"wellness\" class=''>Learn more<\/a>\n\t\t\t\t\t<\/div>\n\t\t\t\t\t\t\t<\/div>\n\t\t<\/div>\n\t<\/div>\n<\/section>\n\n\n<section class=\"blq-carousel-posts\">\n\t<div class=\"container\">\n\t\t<div class=\"title\">Explore the spanish Pyrenees<\/div>\n\t\t<div class=\"content\"><p>Embark on new adventures<\/p>\n<\/div>\n\t\t<div class=\"carousel-posts gs_reveal gs_reveal_fromBottom\">\n\t\t\t\t\t\t\t\t\t\t\t<article id=\"post-23509\">\n\t<div class=\"page-content\">\n\t\t<figure>\n\t\t\t<img decoding=\"async\" width=\"680\" height=\"454\" src=\"https:\/\/www.isabena.eu\/wp-content\/uploads\/2024\/11\/Rio-Ara-desde-el-Puente-de-Santa-Elena-Bujaruelo-1024x683.jpeg\" class=\"attachment-large size-large wp-post-image\" alt=\"Camping Pirineo Aragon\u00e9s, naturaleza pura. Camping de monta\u00f1a. Bungalow y caba\u00f1a de madera, y parcelas en el pirineo aragon\u00e9s. Camping Pirineo Aragon\u00e9s, nature \u00e0 l&#039;\u00e9tat pur. Camping de montagne. Bungalows, chalets et emplacements dans les Pyr\u00e9n\u00e9es espagnoles. Camping Pirineo Aragon\u00e9s, pure nature. Mountain camping. Bungalows and log cabins, and pitches in the Spanish Pyrenees. Camping Pirineo Aragon\u00e9s, Natur pur. Bergcamping. Bungalows, Blockh\u00fctten und Stellpl\u00e4tze in den spanischen Pyren\u00e4en. Camping Pirineo Aragon\u00e9s, puur natuur. Kamperen in de bergen. Bungalows, blokhutten en staanplaatsen in de Spaanse Pyrenee\u00ebn.\" srcset=\"https:\/\/www.isabena.eu\/wp-content\/uploads\/2024\/11\/Rio-Ara-desde-el-Puente-de-Santa-Elena-Bujaruelo-1024x683.jpeg 1024w, https:\/\/www.isabena.eu\/wp-content\/uploads\/2024\/11\/Rio-Ara-desde-el-Puente-de-Santa-Elena-Bujaruelo-300x200.jpeg 300w, https:\/\/www.isabena.eu\/wp-content\/uploads\/2024\/11\/Rio-Ara-desde-el-Puente-de-Santa-Elena-Bujaruelo-768x512.jpeg 768w, https:\/\/www.isabena.eu\/wp-content\/uploads\/2024\/11\/Rio-Ara-desde-el-Puente-de-Santa-Elena-Bujaruelo-1536x1024.jpeg 1536w, https:\/\/www.isabena.eu\/wp-content\/uploads\/2024\/11\/Rio-Ara-desde-el-Puente-de-Santa-Elena-Bujaruelo-1965x1310.jpeg 1965w, https:\/\/www.isabena.eu\/wp-content\/uploads\/2024\/11\/Rio-Ara-desde-el-Puente-de-Santa-Elena-Bujaruelo.jpeg 2048w\" sizes=\"(max-width: 680px) 100vw, 680px\" \/>\t\t<\/figure>\n\t\t<p class=\"byline\">\n\t\t\t<time class=\"updated entry-time\" datetime=\"2026-04-14\" itemprop=\"datePublished\">April 14, 2026<\/time>\n\t\t<\/p>\n\t\t<h3><a href=\"https:\/\/www.isabena.eu\/en\/what-to-see-in-the-spanish-pyrenees-in-spring-complete-guide-2026\/\" rel=\"bookmark\">What to See in the Spanish Pyrenees in Spring: Complete Guide 2026<\/a><\/h3>\n\t\t<div class=\"bx-readmore\">\n\t\t\t<a href=\"https:\/\/www.isabena.eu\/en\/what-to-see-in-the-spanish-pyrenees-in-spring-complete-guide-2026\/\">Read Article<\/a>\n\t\t<\/div>\n\t<\/div>\n<\/article>\n\t\t\t\t\t\t\t\t\t\t\t<article id=\"post-23410\">\n\t<div class=\"page-content\">\n\t\t<figure>\n\t\t\t<img decoding=\"async\" width=\"680\" height=\"499\" src=\"https:\/\/www.isabena.eu\/wp-content\/uploads\/2024\/06\/Rutas-senderismo-ninos-1024x752.jpg\" class=\"attachment-large size-large wp-post-image\" alt=\"Rutas senderismo ni\u00f1os\" srcset=\"https:\/\/www.isabena.eu\/wp-content\/uploads\/2024\/06\/Rutas-senderismo-ninos-1024x752.jpg 1024w, https:\/\/www.isabena.eu\/wp-content\/uploads\/2024\/06\/Rutas-senderismo-ninos-300x220.jpg 300w, https:\/\/www.isabena.eu\/wp-content\/uploads\/2024\/06\/Rutas-senderismo-ninos-768x564.jpg 768w, https:\/\/www.isabena.eu\/wp-content\/uploads\/2024\/06\/Rutas-senderismo-ninos-1536x1128.jpg 1536w, https:\/\/www.isabena.eu\/wp-content\/uploads\/2024\/06\/Rutas-senderismo-ninos-1784x1310.jpg 1784w, https:\/\/www.isabena.eu\/wp-content\/uploads\/2024\/06\/Rutas-senderismo-ninos.jpg 1920w\" sizes=\"(max-width: 680px) 100vw, 680px\" \/>\t\t<\/figure>\n\t\t<p class=\"byline\">\n\t\t\t<time class=\"updated entry-time\" datetime=\"2026-03-26\" itemprop=\"datePublished\">March 26, 2026<\/time>\n\t\t<\/p>\n\t\t<h3><a href=\"https:\/\/www.isabena.eu\/en\/plans-to-enjoy-in-the-pyrenees-in-spain-during-easter\/\" rel=\"bookmark\">Plans to Enjoy in the Pyrenees in Spain During Easter<\/a><\/h3>\n\t\t<div class=\"bx-readmore\">\n\t\t\t<a href=\"https:\/\/www.isabena.eu\/en\/plans-to-enjoy-in-the-pyrenees-in-spain-during-easter\/\">Read Article<\/a>\n\t\t<\/div>\n\t<\/div>\n<\/article>\n\t\t\t\t\t\t\t\t\t\t\t<article id=\"post-23305\">\n\t<div class=\"page-content\">\n\t\t<figure>\n\t\t\t<img decoding=\"async\" width=\"680\" height=\"454\" src=\"https:\/\/www.isabena.eu\/wp-content\/uploads\/2026\/03\/camping-isabena-1024x683.jpg\" class=\"attachment-large size-large wp-post-image\" alt=\"\" srcset=\"https:\/\/www.isabena.eu\/wp-content\/uploads\/2026\/03\/camping-isabena-1024x683.jpg 1024w, https:\/\/www.isabena.eu\/wp-content\/uploads\/2026\/03\/camping-isabena-300x200.jpg 300w, https:\/\/www.isabena.eu\/wp-content\/uploads\/2026\/03\/camping-isabena-768x512.jpg 768w, https:\/\/www.isabena.eu\/wp-content\/uploads\/2026\/03\/camping-isabena.jpg 1536w\" sizes=\"(max-width: 680px) 100vw, 680px\" \/>\t\t<\/figure>\n\t\t<p class=\"byline\">\n\t\t\t<time class=\"updated entry-time\" datetime=\"2026-03-10\" itemprop=\"datePublished\">March 10, 2026<\/time>\n\t\t<\/p>\n\t\t<h3><a href=\"https:\/\/www.isabena.eu\/en\/book-your-holidays-now-in-a-pet-friendly-bungalow-at-a-camping-in-the-pyrenees\/\" rel=\"bookmark\">Book Your Holidays Now in a Pet-Friendly Bungalow at a Camping in the Pyrenees<\/a><\/h3>\n\t\t<div class=\"bx-readmore\">\n\t\t\t<a href=\"https:\/\/www.isabena.eu\/en\/book-your-holidays-now-in-a-pet-friendly-bungalow-at-a-camping-in-the-pyrenees\/\">Read Article<\/a>\n\t\t<\/div>\n\t<\/div>\n<\/article>\n\t\t\t\t\t\t\t\t\t\t\t<article id=\"post-23252\">\n\t<div class=\"page-content\">\n\t\t<figure>\n\t\t\t<img decoding=\"async\" width=\"329\" height=\"333\" src=\"https:\/\/www.isabena.eu\/wp-content\/uploads\/2025\/03\/bielsa.webp\" class=\"attachment-large size-large wp-post-image\" alt=\"\" srcset=\"https:\/\/www.isabena.eu\/wp-content\/uploads\/2025\/03\/bielsa.webp 329w, https:\/\/www.isabena.eu\/wp-content\/uploads\/2025\/03\/bielsa-296x300.webp 296w\" sizes=\"(max-width: 329px) 100vw, 329px\" \/>\t\t<\/figure>\n\t\t<p class=\"byline\">\n\t\t\t<time class=\"updated entry-time\" datetime=\"2026-02-27\" itemprop=\"datePublished\">February 27, 2026<\/time>\n\t\t<\/p>\n\t\t<h3><a href=\"https:\/\/www.isabena.eu\/en\/10-places-to-eat-with-family-in-the-aragonese-pyrenees\/\" rel=\"bookmark\">10 Places to Eat with Family in the Aragonese Pyrenees<\/a><\/h3>\n\t\t<div class=\"bx-readmore\">\n\t\t\t<a href=\"https:\/\/www.isabena.eu\/en\/10-places-to-eat-with-family-in-the-aragonese-pyrenees\/\">Read Article<\/a>\n\t\t<\/div>\n\t<\/div>\n<\/article>\n\t\t\t\t\t\t\t\t\t\t\t<article id=\"post-23166\">\n\t<div class=\"page-content\">\n\t\t<figure>\n\t\t\t<img decoding=\"async\" width=\"680\" height=\"383\" src=\"https:\/\/www.isabena.eu\/wp-content\/uploads\/2024\/04\/Camping-Pirineo-Aragones-2.jpg\" class=\"attachment-large size-large wp-post-image\" alt=\"Camping Pirineo Aragon\u00e9s\" srcset=\"https:\/\/www.isabena.eu\/wp-content\/uploads\/2024\/04\/Camping-Pirineo-Aragones-2.jpg 1000w, https:\/\/www.isabena.eu\/wp-content\/uploads\/2024\/04\/Camping-Pirineo-Aragones-2-300x169.jpg 300w, https:\/\/www.isabena.eu\/wp-content\/uploads\/2024\/04\/Camping-Pirineo-Aragones-2-768x432.jpg 768w\" sizes=\"(max-width: 680px) 100vw, 680px\" \/>\t\t<\/figure>\n\t\t<p class=\"byline\">\n\t\t\t<time class=\"updated entry-time\" datetime=\"2026-02-11\" itemprop=\"datePublished\">February 11, 2026<\/time>\n\t\t<\/p>\n\t\t<h3><a href=\"https:\/\/www.isabena.eu\/en\/the-best-activities-to-do-in-the-aragonese-pyrenees-this-spring-and-summer\/\" rel=\"bookmark\">The Best Activities to Do in the Spanish Pyrenees This Spring and Summer<\/a><\/h3>\n\t\t<div class=\"bx-readmore\">\n\t\t\t<a href=\"https:\/\/www.isabena.eu\/en\/the-best-activities-to-do-in-the-aragonese-pyrenees-this-spring-and-summer\/\">Read Article<\/a>\n\t\t<\/div>\n\t<\/div>\n<\/article>\n\t\t\t\t\t\t\t\t\t\t\t<article id=\"post-23105\">\n\t<div class=\"page-content\">\n\t\t<figure>\n\t\t\t<img decoding=\"async\" width=\"512\" height=\"434\" src=\"https:\/\/www.isabena.eu\/wp-content\/uploads\/2025\/03\/ibon-de-anayet.webp\" class=\"attachment-large size-large wp-post-image\" alt=\"\" srcset=\"https:\/\/www.isabena.eu\/wp-content\/uploads\/2025\/03\/ibon-de-anayet.webp 512w, https:\/\/www.isabena.eu\/wp-content\/uploads\/2025\/03\/ibon-de-anayet-300x254.webp 300w\" sizes=\"(max-width: 512px) 100vw, 512px\" \/>\t\t<\/figure>\n\t\t<p class=\"byline\">\n\t\t\t<time class=\"updated entry-time\" datetime=\"2026-01-28\" itemprop=\"datePublished\">January 28, 2026<\/time>\n\t\t<\/p>\n\t\t<h3><a href=\"https:\/\/www.isabena.eu\/en\/why-huesca-and-the-aragonese-pyrenees-lead-adventure-tourism-in-spain\/\" rel=\"bookmark\">Why Huesca and the Spanish Pyrenees lead Adventure Tourism in Spain<\/a><\/h3>\n\t\t<div class=\"bx-readmore\">\n\t\t\t<a href=\"https:\/\/www.isabena.eu\/en\/why-huesca-and-the-aragonese-pyrenees-lead-adventure-tourism-in-spain\/\">Read Article<\/a>\n\t\t<\/div>\n\t<\/div>\n<\/article>\n\t\t\t\t\t\t\t\t\t\t\t<article id=\"post-22983\">\n\t<div class=\"page-content\">\n\t\t<figure>\n\t\t\t<img decoding=\"async\" width=\"680\" height=\"422\" src=\"https:\/\/www.isabena.eu\/wp-content\/uploads\/2026\/01\/roda_de_isabena_1.jpg\" class=\"attachment-large size-large wp-post-image\" alt=\"\" srcset=\"https:\/\/www.isabena.eu\/wp-content\/uploads\/2026\/01\/roda_de_isabena_1.jpg 1000w, https:\/\/www.isabena.eu\/wp-content\/uploads\/2026\/01\/roda_de_isabena_1-300x186.jpg 300w, https:\/\/www.isabena.eu\/wp-content\/uploads\/2026\/01\/roda_de_isabena_1-768x476.jpg 768w\" sizes=\"(max-width: 680px) 100vw, 680px\" \/>\t\t<\/figure>\n\t\t<p class=\"byline\">\n\t\t\t<time class=\"updated entry-time\" datetime=\"2026-01-14\" itemprop=\"datePublished\">January 14, 2026<\/time>\n\t\t<\/p>\n\t\t<h3><a href=\"https:\/\/www.isabena.eu\/en\/when-to-visit-isabena-the-best-time-for-a-family-trip-to-the-pyrenees-without-crowds\/\" rel=\"bookmark\">When to Visit Is\u00e1bena: The Best Time for a Family Trip to the Pyrenees Without Crowds<\/a><\/h3>\n\t\t<div class=\"bx-readmore\">\n\t\t\t<a href=\"https:\/\/www.isabena.eu\/en\/when-to-visit-isabena-the-best-time-for-a-family-trip-to-the-pyrenees-without-crowds\/\">Read Article<\/a>\n\t\t<\/div>\n\t<\/div>\n<\/article>\n\t\t\t\t\t\t\t\t\t\t\t<article id=\"post-22900\">\n\t<div class=\"page-content\">\n\t\t<figure>\n\t\t\t<img decoding=\"async\" width=\"680\" height=\"340\" src=\"https:\/\/www.isabena.eu\/wp-content\/uploads\/2023\/06\/AP1W3549-1024x512.jpg\" class=\"attachment-large size-large wp-post-image\" alt=\"Bungalows Pirineo Aragon\u00e9s\" srcset=\"https:\/\/www.isabena.eu\/wp-content\/uploads\/2023\/06\/AP1W3549-1024x512.jpg 1024w, https:\/\/www.isabena.eu\/wp-content\/uploads\/2023\/06\/AP1W3549-300x150.jpg 300w, https:\/\/www.isabena.eu\/wp-content\/uploads\/2023\/06\/AP1W3549-768x384.jpg 768w, https:\/\/www.isabena.eu\/wp-content\/uploads\/2023\/06\/AP1W3549-1536x768.jpg 1536w, https:\/\/www.isabena.eu\/wp-content\/uploads\/2023\/06\/AP1W3549-2048x1024.jpg 2048w\" sizes=\"(max-width: 680px) 100vw, 680px\" \/>\t\t<\/figure>\n\t\t<p class=\"byline\">\n\t\t\t<time class=\"updated entry-time\" datetime=\"2025-12-17\" itemprop=\"datePublished\">December 17, 2025<\/time>\n\t\t<\/p>\n\t\t<h3><a href=\"https:\/\/www.isabena.eu\/en\/book-now-for-2026-exclusive-benefits-when-booking-your-campsite-in-spain\/\" rel=\"bookmark\">Book Now for 2026: Exclusive Benefits When Booking Your Campsite in Spain<\/a><\/h3>\n\t\t<div class=\"bx-readmore\">\n\t\t\t<a href=\"https:\/\/www.isabena.eu\/en\/book-now-for-2026-exclusive-benefits-when-booking-your-campsite-in-spain\/\">Read Article<\/a>\n\t\t<\/div>\n\t<\/div>\n<\/article>\n\t\t\t\t\t\t\t\t\t\t\t<article id=\"post-22936\">\n\t<div class=\"page-content\">\n\t\t<figure>\n\t\t\t<img decoding=\"async\" width=\"680\" height=\"454\" src=\"https:\/\/www.isabena.eu\/wp-content\/uploads\/2025\/04\/Vacaciones-en-bungalow-en-los-Pirineos-Aragoneses-en-un-bungalow-con-encanto-en-la-alta-montana-de-Espana-1024x683.jpg\" class=\"attachment-large size-large wp-post-image\" alt=\"\" srcset=\"https:\/\/www.isabena.eu\/wp-content\/uploads\/2025\/04\/Vacaciones-en-bungalow-en-los-Pirineos-Aragoneses-en-un-bungalow-con-encanto-en-la-alta-montana-de-Espana-1024x683.jpg 1024w, https:\/\/www.isabena.eu\/wp-content\/uploads\/2025\/04\/Vacaciones-en-bungalow-en-los-Pirineos-Aragoneses-en-un-bungalow-con-encanto-en-la-alta-montana-de-Espana-300x200.jpg 300w, https:\/\/www.isabena.eu\/wp-content\/uploads\/2025\/04\/Vacaciones-en-bungalow-en-los-Pirineos-Aragoneses-en-un-bungalow-con-encanto-en-la-alta-montana-de-Espana-768x512.jpg 768w, https:\/\/www.isabena.eu\/wp-content\/uploads\/2025\/04\/Vacaciones-en-bungalow-en-los-Pirineos-Aragoneses-en-un-bungalow-con-encanto-en-la-alta-montana-de-Espana-1536x1025.jpg 1536w, https:\/\/www.isabena.eu\/wp-content\/uploads\/2025\/04\/Vacaciones-en-bungalow-en-los-Pirineos-Aragoneses-en-un-bungalow-con-encanto-en-la-alta-montana-de-Espana-2048x1366.jpg 2048w, https:\/\/www.isabena.eu\/wp-content\/uploads\/2025\/04\/Vacaciones-en-bungalow-en-los-Pirineos-Aragoneses-en-un-bungalow-con-encanto-en-la-alta-montana-de-Espana-1963x1310.jpg 1963w\" sizes=\"(max-width: 680px) 100vw, 680px\" \/>\t\t<\/figure>\n\t\t<p class=\"byline\">\n\t\t\t<time class=\"updated entry-time\" datetime=\"2025-12-09\" itemprop=\"datePublished\">December 9, 2025<\/time>\n\t\t<\/p>\n\t\t<h3><a href=\"https:\/\/www.isabena.eu\/en\/explora-camping-bungalowcamp-isabena-con-nuestro-nuevo-tour-virtual-360o-%f0%9f%8c%84%f0%9f%9a%90\/\" rel=\"bookmark\">Explore Camping Bungalowcamp Is\u00e1bena with Our New 360\u00ba Virtual Tour<\/a><\/h3>\n\t\t<div class=\"bx-readmore\">\n\t\t\t<a href=\"https:\/\/www.isabena.eu\/en\/explora-camping-bungalowcamp-isabena-con-nuestro-nuevo-tour-virtual-360o-%f0%9f%8c%84%f0%9f%9a%90\/\">Read Article<\/a>\n\t\t<\/div>\n\t<\/div>\n<\/article>\n\t\t\t\t\t<\/div>\n\t<\/div>\n<\/section>\n","protected":false},"excerpt":{"rendered":"","protected":false},"author":2,"featured_media":4269,"parent":0,"menu_order":0,"comment_status":"closed","ping_status":"closed","template":"page-full-width.php","meta":{"_acf_changed":false,"_joinchat":[],"footnotes":""},"class_list":["post-6316","page","type-page","status-publish","has-post-thumbnail","hentry"],"acf":[],"yoast_head":"<!-- This site is optimized with the Yoast SEO plugin v24.7 - https:\/\/yoast.com\/wordpress\/plugins\/seo\/ -->\n<title>Spanish Pyrenees Camping - Camping Bungalowpark Is\u00e1bena<\/title>\n<meta name=\"description\" content=\"Camping in the Spanish Pyrenees. Enjoy the Is\u00e1bena Valley at the Bungalowpark Camping Is\u00e1bena: Bungalows, Mobil-Homes, Plots for Camping.\" \/>\n<meta name=\"robots\" content=\"index, follow, max-snippet:-1, max-image-preview:large, max-video-preview:-1\" \/>\n<link rel=\"canonical\" href=\"https:\/\/www.isabena.eu\/en\/\" \/>\n<meta property=\"og:locale\" content=\"en_US\" \/>\n<meta property=\"og:type\" content=\"article\" \/>\n<meta property=\"og:title\" content=\"Spanish Pyrenees Camping - Camping Bungalowpark Is\u00e1bena\" \/>\n<meta property=\"og:description\" content=\"Camping in the Spanish Pyrenees. Enjoy the Is\u00e1bena Valley at the Bungalowpark Camping Is\u00e1bena: Bungalows, Mobil-Homes, Plots for Camping.\" \/>\n<meta property=\"og:url\" content=\"https:\/\/www.isabena.eu\/en\/\" \/>\n<meta property=\"og:site_name\" content=\"Camping Is\u00e1bena\" \/>\n<meta property=\"article:publisher\" content=\"https:\/\/www.facebook.com\/Campingbungalparkisabena\" \/>\n<meta property=\"article:modified_time\" content=\"2025-12-09T11:56:06+00:00\" \/>\n<meta property=\"og:image\" content=\"https:\/\/www.isabena.eu\/wp-content\/uploads\/2017\/05\/isabena-camping-pool.jpg\" \/>\n\t<meta property=\"og:image:width\" content=\"1920\" \/>\n\t<meta property=\"og:image:height\" content=\"870\" \/>\n\t<meta property=\"og:image:type\" content=\"image\/jpeg\" \/>\n<meta name=\"twitter:card\" content=\"summary_large_image\" \/>\n<meta name=\"twitter:site\" content=\"@CampingIsbena\" \/>\n<meta name=\"twitter:label1\" content=\"Est. reading time\" \/>\n\t<meta name=\"twitter:data1\" content=\"1 minute\" \/>\n<!-- \/ Yoast SEO plugin. -->","yoast_head_json":{"title":"Spanish Pyrenees Camping - Camping Bungalowpark Is\u00e1bena","description":"Camping in the Spanish Pyrenees. Enjoy the Is\u00e1bena Valley at the Bungalowpark Camping Is\u00e1bena: Bungalows, Mobil-Homes, Plots for Camping.","robots":{"index":"index","follow":"follow","max-snippet":"max-snippet:-1","max-image-preview":"max-image-preview:large","max-video-preview":"max-video-preview:-1"},"canonical":"https:\/\/www.isabena.eu\/en\/","og_locale":"en_US","og_type":"article","og_title":"Spanish Pyrenees Camping - Camping Bungalowpark Is\u00e1bena","og_description":"Camping in the Spanish Pyrenees. Enjoy the Is\u00e1bena Valley at the Bungalowpark Camping Is\u00e1bena: Bungalows, Mobil-Homes, Plots for Camping.","og_url":"https:\/\/www.isabena.eu\/en\/","og_site_name":"Camping Is\u00e1bena","article_publisher":"https:\/\/www.facebook.com\/Campingbungalparkisabena","article_modified_time":"2025-12-09T11:56:06+00:00","og_image":[{"width":1920,"height":870,"url":"https:\/\/www.isabena.eu\/wp-content\/uploads\/2017\/05\/isabena-camping-pool.jpg","type":"image\/jpeg"}],"twitter_card":"summary_large_image","twitter_site":"@CampingIsbena","twitter_misc":{"Est. reading time":"1 minute"},"schema":{"@context":"https:\/\/schema.org","@graph":[{"@type":"WebPage","@id":"https:\/\/www.isabena.eu\/en\/","url":"https:\/\/www.isabena.eu\/en\/","name":"Spanish Pyrenees Camping - Camping Bungalowpark Is\u00e1bena","isPartOf":{"@id":"https:\/\/www.isabena.eu\/en\/#website"},"primaryImageOfPage":{"@id":"https:\/\/www.isabena.eu\/en\/#primaryimage"},"image":{"@id":"https:\/\/www.isabena.eu\/en\/#primaryimage"},"thumbnailUrl":"https:\/\/www.isabena.eu\/wp-content\/uploads\/2017\/05\/isabena-camping-pool.jpg","datePublished":"2023-05-31T09:07:42+00:00","dateModified":"2025-12-09T11:56:06+00:00","description":"Camping in the Spanish Pyrenees. Enjoy the Is\u00e1bena Valley at the Bungalowpark Camping Is\u00e1bena: Bungalows, Mobil-Homes, Plots for Camping.","breadcrumb":{"@id":"https:\/\/www.isabena.eu\/en\/#breadcrumb"},"inLanguage":"en-US","potentialAction":[{"@type":"ReadAction","target":["https:\/\/www.isabena.eu\/en\/"]}]},{"@type":"ImageObject","inLanguage":"en-US","@id":"https:\/\/www.isabena.eu\/en\/#primaryimage","url":"https:\/\/www.isabena.eu\/wp-content\/uploads\/2017\/05\/isabena-camping-pool.jpg","contentUrl":"https:\/\/www.isabena.eu\/wp-content\/uploads\/2017\/05\/isabena-camping-pool.jpg","width":1920,"height":870,"caption":""},{"@type":"BreadcrumbList","@id":"https:\/\/www.isabena.eu\/en\/#breadcrumb","itemListElement":[{"@type":"ListItem","position":1,"name":"Home","item":"https:\/\/www.isabena.eu\/en\/"},{"@type":"ListItem","position":2,"name":"Home"}]},{"@type":"WebSite","@id":"https:\/\/www.isabena.eu\/en\/#website","url":"https:\/\/www.isabena.eu\/en\/","name":"Camping Is\u00e1bena","description":"Bienvenidos al Camping &amp; Bungalowpark Is\u00e1bena en La Puebla de Roda, en el sur de los Pirineos Centrales. Un camping acogedor con miles de actividades disponibles.","publisher":{"@id":"https:\/\/www.isabena.eu\/en\/#organization"},"alternateName":"Camping Is\u00e1bena","potentialAction":[{"@type":"SearchAction","target":{"@type":"EntryPoint","urlTemplate":"https:\/\/www.isabena.eu\/en\/?s={search_term_string}"},"query-input":{"@type":"PropertyValueSpecification","valueRequired":true,"valueName":"search_term_string"}}],"inLanguage":"en-US"},{"@type":"Organization","@id":"https:\/\/www.isabena.eu\/en\/#organization","name":"Camping Is\u00e1bena","alternateName":"Camping Is\u00e1bena","url":"https:\/\/www.isabena.eu\/en\/","logo":{"@type":"ImageObject","inLanguage":"en-US","@id":"https:\/\/www.isabena.eu\/en\/#\/schema\/logo\/image\/","url":"https:\/\/www.isabena.eu\/wp-content\/uploads\/2023\/06\/Logo-Color-cuadrado.png","contentUrl":"https:\/\/www.isabena.eu\/wp-content\/uploads\/2023\/06\/Logo-Color-cuadrado.png","width":314,"height":314,"caption":"Camping Is\u00e1bena"},"image":{"@id":"https:\/\/www.isabena.eu\/en\/#\/schema\/logo\/image\/"},"sameAs":["https:\/\/www.facebook.com\/Campingbungalparkisabena","https:\/\/x.com\/CampingIsbena","https:\/\/www.instagram.com\/camping_bungalowpark_isabena\/","https:\/\/www.youtube.com\/user\/CampingIsabena"]}]}},"_links":{"self":[{"href":"https:\/\/www.isabena.eu\/en\/wp-json\/wp\/v2\/pages\/6316","targetHints":{"allow":["GET"]}}],"collection":[{"href":"https:\/\/www.isabena.eu\/en\/wp-json\/wp\/v2\/pages"}],"about":[{"href":"https:\/\/www.isabena.eu\/en\/wp-json\/wp\/v2\/types\/page"}],"author":[{"embeddable":true,"href":"https:\/\/www.isabena.eu\/en\/wp-json\/wp\/v2\/users\/2"}],"replies":[{"embeddable":true,"href":"https:\/\/www.isabena.eu\/en\/wp-json\/wp\/v2\/comments?post=6316"}],"version-history":[{"count":3,"href":"https:\/\/www.isabena.eu\/en\/wp-json\/wp\/v2\/pages\/6316\/revisions"}],"predecessor-version":[{"id":22784,"href":"https:\/\/www.isabena.eu\/en\/wp-json\/wp\/v2\/pages\/6316\/revisions\/22784"}],"wp:featuredmedia":[{"embeddable":true,"href":"https:\/\/www.isabena.eu\/en\/wp-json\/wp\/v2\/media\/4269"}],"wp:attachment":[{"href":"https:\/\/www.isabena.eu\/en\/wp-json\/wp\/v2\/media?parent=6316"}],"curies":[{"name":"wp","href":"https:\/\/api.w.org\/{rel}","templated":true}]}}