{"id":6422,"date":"2023-05-31T11:07:42","date_gmt":"2023-05-31T09:07:42","guid":{"rendered":"https:\/\/isabena.ooptimo.dev\/inicio\/"},"modified":"2025-12-09T13:04:14","modified_gmt":"2025-12-09T12:04:14","slug":"inicio","status":"publish","type":"page","link":"https:\/\/www.isabena.eu\/de\/","title":{"rendered":"Inicio"},"content":{"rendered":"<section class=\"blq-banner-carousel\">\n\t<div class=\"bg with-overlay\">\n\t\t\t\t\t<video width=\"600\" height=\"400\" autoplay loop playsinline muted=\"muted\">\n\t\t\t\t<source src=\"https:\/\/www.isabena.eu\/wp-content\/uploads\/2023\/07\/finalhome-1920-1.mp4\" type=\"video\/mp4\">\n\t\t\t<\/video>\n\t\t\t<\/div>\n\t\t\t<div class=\"box-content\">\n\t\t<div class=\"container\">\n\t\t\t\t\t\t\t<h1>Camping &#038; Bungalowpark in den spanischen Pyren\u00e4en<\/h1>\n\t\t\t\t\t\t\t\t\t<div class='content'><p>Entdecken Sie Ihr n\u00e4chstes gro\u00dfes Abenteuer<\/p>\n<div class=\"bx-form-reserve\"><ctv-searchbar data-force-open-up><\/ctv-searchbar><\/div>\n<\/div>\n\t\t\t\t\t\t\t\t\t\t\t\t\t<\/div>\n\t<\/div>\n\t<\/section>\n\t<section class='blq-banner-carousel-txt'>\n\t\t<div class='carousel'>\n\t\t\t\t\t\t\t<div class='txt'><p><a href=\"\/de\/aktivitaten\/\">Aktivit\u00e4ten<\/a><\/p><\/div>\n\t\t\t\t\t\t\t<div class='txt'><p><a href=\"\/de\/erholung\/\">Erholung<\/a><\/p><\/div>\n\t\t\t\t\t\t\t<div class='txt'><p><a href=\"\/de\/motorradtouren\/\">Motorradtouren\u00a0<\/a><\/p><\/div>\n\t\t\t\t\t\t\t<div class='txt'><p><a href=\"\/de\/unterkunft\/\">Camping &#038; Bungalowpark<\/a><\/p><\/div>\n\t\t\t\t\t\t\t\t\t\t<div class='txt'><p><a href=\"\/de\/aktivitaten\/\">Aktivit\u00e4ten<\/a><\/p><\/div>\n\t\t\t\t\t\t\t<div class='txt'><p><a href=\"\/de\/erholung\/\">Erholung<\/a><\/p><\/div>\n\t\t\t\t\t\t\t<div class='txt'><p><a href=\"\/de\/motorradtouren\/\">Motorradtouren\u00a0<\/a><\/p><\/div>\n\t\t\t\t\t\t\t<div class='txt'><p><a href=\"\/de\/unterkunft\/\">Camping &#038; Bungalowpark<\/a><\/p><\/div>\n\t\t\t\t\t<\/div>\n\t<\/section>\n\n\n<section class=\"blq-banner-img-txt   \" >\n\t<div class=\"container\">\n\t\t<div class=\"img gs_reveal gs_reveal_fromRight\">\n\t\t\t\n\t\t\t\t\t\t<img decoding=\"async\" width=\"2560\" height=\"1920\" src=\"https:\/\/www.isabena.eu\/wp-content\/uploads\/2023\/07\/2305.009361-scaled.jpg\" class=\"front\" alt=\"Vista a\u00e9rea del Camping Is\u00e1bena, con su piscina perfecta para disfrutar de vacaciones en verano en el Pirineo aragon\u00e9s. Aerial view of Camping Is\u00e1bena, with its pool, perfect for enjoying a summer vacation in the Aragonese Pyrenees. Vue a\u00e9rienne du Camping Is\u00e1bena, avec sa piscine, parfaite pour profiter de vacances d&#039;\u00e9t\u00e9 dans les Pyr\u00e9n\u00e9es aragonaises. Luftaufnahme des Campingplatzes Is\u00e1bena mit seinem Pool, perfekt f\u00fcr einen Sommerurlaub in den aragonesischen Pyren\u00e4en. Luchtfoto van Camping Is\u00e1bena, met zwembad, ideaal voor een zomervakantie in de Aragonese Pyrenee\u00ebn.\" srcset=\"https:\/\/www.isabena.eu\/wp-content\/uploads\/2023\/07\/2305.009361-scaled.jpg 2560w, https:\/\/www.isabena.eu\/wp-content\/uploads\/2023\/07\/2305.009361-300x225.jpg 300w, https:\/\/www.isabena.eu\/wp-content\/uploads\/2023\/07\/2305.009361-1024x768.jpg 1024w, https:\/\/www.isabena.eu\/wp-content\/uploads\/2023\/07\/2305.009361-768x576.jpg 768w, https:\/\/www.isabena.eu\/wp-content\/uploads\/2023\/07\/2305.009361-1536x1152.jpg 1536w, https:\/\/www.isabena.eu\/wp-content\/uploads\/2023\/07\/2305.009361-2048x1536.jpg 2048w, https:\/\/www.isabena.eu\/wp-content\/uploads\/2023\/07\/2305.009361-1747x1310.jpg 1747w\" sizes=\"(max-width: 2560px) 100vw, 2560px\" \/>\t\t\t\t\t\t\t<img decoding=\"async\" width=\"2560\" height=\"1708\" src=\"https:\/\/www.isabena.eu\/wp-content\/uploads\/2023\/07\/2305.007591-scaled.jpg\" class=\"back\" alt=\"Foto de bungalows acogedores y r\u00fasticos de Camping Is\u00e1bena en el Pirineo aragon\u00e9s. Perfectos para escapadas en familia en plena naturaleza.\" srcset=\"https:\/\/www.isabena.eu\/wp-content\/uploads\/2023\/07\/2305.007591-scaled.jpg 2560w, https:\/\/www.isabena.eu\/wp-content\/uploads\/2023\/07\/2305.007591-300x200.jpg 300w, https:\/\/www.isabena.eu\/wp-content\/uploads\/2023\/07\/2305.007591-1024x683.jpg 1024w, https:\/\/www.isabena.eu\/wp-content\/uploads\/2023\/07\/2305.007591-768x512.jpg 768w, https:\/\/www.isabena.eu\/wp-content\/uploads\/2023\/07\/2305.007591-1536x1025.jpg 1536w, https:\/\/www.isabena.eu\/wp-content\/uploads\/2023\/07\/2305.007591-2048x1366.jpg 2048w, https:\/\/www.isabena.eu\/wp-content\/uploads\/2023\/07\/2305.007591-1964x1310.jpg 1964w\" sizes=\"(max-width: 2560px) 100vw, 2560px\" \/>\t\t\t\t\t<\/div>\n\t\t<div class=\"txt gs_reveal gs_reveal_fromLeft\">\n\t\t\t<div class='bx'>\n\t\t\t\t<h2 class=\"title\">Camping &#038; Bungalowpark Is\u00e1bena <\/h2>\n\t\t\t\t<div class=\"content\"><h4>Ein Paradies in den spanischen Pyren\u00e4en<\/h4>\n<p>Willkommen im Camping &amp; Bungalowpark Is\u00e1bena in La Puebla de Roda, in den s\u00fcdlichen Zentralpyren\u00e4en in der Provinz Huesca, Arag\u00f3n.<\/p>\n<p>o Gef\u00fchrt von der spanisch-deutschen Familie Bad\u00eda, bieten wir eine gem\u00fctliche Atmosph\u00e4re mit verschiedenen Unterkunftsm\u00f6glichkeiten wie Bungalows, Wohnwagen, Holzh\u00e4usern und Campingpl\u00e4tzen.<\/p>\n<p>o Mit tausenden von M\u00f6glichkeiten, wie einem Bar-Restaurant und einem modernen Spa, hei\u00dfen wir Sie herzlich willkommen. Wir helfen Ihnen bei allen Fragen und unterst\u00fctzen Sie bei der Organisation Ihrer Ausfl\u00fcge.<\/p>\n<\/div>\n\t\t\t\t\t\t\t\t\t<div class=\"btn-link\">\n\t\t\t\t\t\t\t\t\t\t\t\t<a href=\"https:\/\/bookingpremium.secureholiday.net\/de\/5221\/search\/product-list?searchType=exact&#038;productType=all&#038;filterStatus=showPeriod\" class=''>Buchen<\/a>\n\t\t\t\t\t<\/div>\n\t\t\t\t\t\t\t<\/div>\n\t\t<\/div>\n\t<\/div>\n<\/section>\n\n\n<section class=\"blq-banner-img-txt banner-inverse banner-verde \" >\n\t<div class=\"container\">\n\t\t<div class=\"img gs_reveal gs_reveal_fromLeft\">\n\t\t\t\n\t\t\t\t\t\t<img decoding=\"async\" width=\"2560\" height=\"1707\" src=\"https:\/\/www.isabena.eu\/wp-content\/uploads\/2023\/07\/Foto-valle-scaled.jpg\" class=\"front\" alt=\"Imagen de los picos de los pirineos vistos desde el Camping Is\u00e1bena en los pirineos aragoneses. Afbeelding van de toppen van de Pyrenee\u00ebn, gezien vanaf de camping Is\u00e1bena in de Aragonese Pyrenee\u00ebn. Bild der Gipfel der Pyren\u00e4en vom Campingplatz Is\u00e1bena in den aragonesischen Pyren\u00e4en aus gesehen. Image of the peaks of the Pyrenees seen from the Is\u00e1bena Campsite in the Aragonese Pyrenees. Image des sommets des Pyr\u00e9n\u00e9es vus depuis le camping d&#039;Is\u00e1bena dans les Pyr\u00e9n\u00e9es aragonaises.\" srcset=\"https:\/\/www.isabena.eu\/wp-content\/uploads\/2023\/07\/Foto-valle-scaled.jpg 2560w, https:\/\/www.isabena.eu\/wp-content\/uploads\/2023\/07\/Foto-valle-300x200.jpg 300w, https:\/\/www.isabena.eu\/wp-content\/uploads\/2023\/07\/Foto-valle-1024x683.jpg 1024w, https:\/\/www.isabena.eu\/wp-content\/uploads\/2023\/07\/Foto-valle-768x512.jpg 768w, https:\/\/www.isabena.eu\/wp-content\/uploads\/2023\/07\/Foto-valle-1536x1024.jpg 1536w, https:\/\/www.isabena.eu\/wp-content\/uploads\/2023\/07\/Foto-valle-2048x1365.jpg 2048w, https:\/\/www.isabena.eu\/wp-content\/uploads\/2023\/07\/Foto-valle-1965x1310.jpg 1965w\" sizes=\"(max-width: 2560px) 100vw, 2560px\" \/>\t\t\t\t\t\t\t<img decoding=\"async\" width=\"591\" height=\"525\" src=\"https:\/\/www.isabena.eu\/wp-content\/uploads\/2023\/06\/bar-restaurante.svg\" class=\"back\" alt=\"\" \/>\t\t\t\t\t<\/div>\n\t\t<div class=\"txt gs_reveal gs_reveal_fromRight\">\n\t\t\t<div class='bx'>\n\t\t\t\t<h2 class=\"title\">Erleben Sie eine unvergessliche Erfahrung<\/h2>\n\t\t\t\t<div class=\"content\"><h4>Entdecken Sie Is\u00e1bena<\/h4>\n<p>Im<strong> Is\u00e1bena-Tal<\/strong> k\u00f6nnen Sie Outdoor-Aktivit\u00e4ten wie Wandern, Mountainbiking, Reiten, Wassersport und Klettern genie\u00dfen. Kulturinteressierten empfehlen wir einen Besuch der nahen gelegenen malerischen D\u00f6rfer <strong>wie Roda de Is\u00e1bena mit seiner romanischen Kathedrale oder der Provinzhauptstadt Huesca<\/strong>.<\/p>\n<\/div>\n\t\t\t\t\t\t\t\t\t<div class=\"btn-link\">\n\t\t\t\t\t\t\t\t\t\t\t\t<a href=\"\/de\/aktivitaten\/\" class=''>Aktivit\u00e4ten entdecken<\/a>\n\t\t\t\t\t<\/div>\n\t\t\t\t\t\t\t<\/div>\n\t\t<\/div>\n\t<\/div>\n<\/section>\n\n\n<section class=\"blq-banner-img-txt   banner-with-container-image60\" >\n\t<div class=\"container\">\n\t\t<div class=\"img gs_reveal gs_reveal_fromRight\">\n\t\t\t\n\t\t\t\t\t\t<img decoding=\"async\" width=\"1920\" height=\"901\" src=\"https:\/\/www.isabena.eu\/wp-content\/uploads\/2023\/06\/parallax_motorradtouren.jpg\" class=\"\" alt=\"Foto de una ruta en moto por el Pirineo aragon\u00e9s con muchas rutas con salida desde el Camping Is\u00e1bena Bungalow en los Pirineos. Foto van een motorroute door de Aragonese Pyrenee\u00ebn, waarvan vele vertrekken vanaf de Is\u00e1bena Bungalow Camping in de Pyrenee\u00ebn.Foto einer Motorradroute durch die aragonesischen Pyren\u00e4en mit vielen Routen, die vom Bungalow-Campingplatz Is\u00e1bena in den Pyren\u00e4en ausgehen. Photo of a motorcycle route through the Aragonese Pyrenees with many routes departing from the Is\u00e1bena Bungalow Campsite in the Pyrenees. Photo d&#039;un itin\u00e9raire \u00e0 moto \u00e0 travers les Pyr\u00e9n\u00e9es aragonaises avec de nombreux itin\u00e9raires au d\u00e9part du camping Bungalow Is\u00e1bena dans les Pyr\u00e9n\u00e9es.\" srcset=\"https:\/\/www.isabena.eu\/wp-content\/uploads\/2023\/06\/parallax_motorradtouren.jpg 1920w, https:\/\/www.isabena.eu\/wp-content\/uploads\/2023\/06\/parallax_motorradtouren-300x141.jpg 300w, https:\/\/www.isabena.eu\/wp-content\/uploads\/2023\/06\/parallax_motorradtouren-1024x481.jpg 1024w, https:\/\/www.isabena.eu\/wp-content\/uploads\/2023\/06\/parallax_motorradtouren-768x360.jpg 768w, https:\/\/www.isabena.eu\/wp-content\/uploads\/2023\/06\/parallax_motorradtouren-1536x721.jpg 1536w\" sizes=\"(max-width: 1920px) 100vw, 1920px\" \/>\t\t\t\t\t<\/div>\n\t\t<div class=\"txt gs_reveal gs_reveal_fromLeft\">\n\t\t\t<div class='bx'>\n\t\t\t\t<h2 class=\"title\">Die beliebtesten Kurven f\u00fcr Motorradliebhaber <\/h2>\n\t\t\t\t<div class=\"content\"><h4>Die Pyren\u00e4en mit dem Motorrad<\/h4>\n<p>Die Pyren\u00e4en sind ein Naturparadies mit einer einzigartigen Kombination aus Natur und gro\u00dfartigen Strecken, die Motorradfahrer aus ganz Europa anziehen.<\/p>\n<\/div>\n\t\t\t\t\t\t\t\t\t<div class=\"btn-link\">\n\t\t\t\t\t\t\t\t\t\t\t\t<a href=\"\/de\/motorradtouren\/\" class=''>Motorradtouren Pyren\u00e4en entdecken<\/a>\n\t\t\t\t\t<\/div>\n\t\t\t\t\t\t\t<\/div>\n\t\t<\/div>\n\t<\/div>\n<\/section>\n\n\n<section class=\"blq-banner-img-txt banner-inverse banner-verde \" >\n\t<div class=\"container\">\n\t\t<div class=\"img gs_reveal gs_reveal_fromLeft\">\n\t\t\t\n\t\t\t\t\t\t<img decoding=\"async\" width=\"1919\" height=\"872\" src=\"https:\/\/www.isabena.eu\/wp-content\/uploads\/2025\/12\/Tour-Virtual-360.jpg\" class=\"front\" alt=\"\" srcset=\"https:\/\/www.isabena.eu\/wp-content\/uploads\/2025\/12\/Tour-Virtual-360.jpg 1919w, https:\/\/www.isabena.eu\/wp-content\/uploads\/2025\/12\/Tour-Virtual-360-300x136.jpg 300w, https:\/\/www.isabena.eu\/wp-content\/uploads\/2025\/12\/Tour-Virtual-360-1024x465.jpg 1024w, https:\/\/www.isabena.eu\/wp-content\/uploads\/2025\/12\/Tour-Virtual-360-768x349.jpg 768w, https:\/\/www.isabena.eu\/wp-content\/uploads\/2025\/12\/Tour-Virtual-360-1536x698.jpg 1536w\" sizes=\"(max-width: 1919px) 100vw, 1919px\" \/>\t\t\t\t\t\t\t<img decoding=\"async\" width=\"1918\" height=\"866\" src=\"https:\/\/www.isabena.eu\/wp-content\/uploads\/2025\/12\/Tour-Virtual-360-Recepcion.jpg\" class=\"back\" alt=\"\" srcset=\"https:\/\/www.isabena.eu\/wp-content\/uploads\/2025\/12\/Tour-Virtual-360-Recepcion.jpg 1918w, https:\/\/www.isabena.eu\/wp-content\/uploads\/2025\/12\/Tour-Virtual-360-Recepcion-300x135.jpg 300w, https:\/\/www.isabena.eu\/wp-content\/uploads\/2025\/12\/Tour-Virtual-360-Recepcion-1024x462.jpg 1024w, https:\/\/www.isabena.eu\/wp-content\/uploads\/2025\/12\/Tour-Virtual-360-Recepcion-768x347.jpg 768w, https:\/\/www.isabena.eu\/wp-content\/uploads\/2025\/12\/Tour-Virtual-360-Recepcion-1536x694.jpg 1536w\" sizes=\"(max-width: 1918px) 100vw, 1918px\" \/>\t\t\t\t\t<\/div>\n\t\t<div class=\"txt gs_reveal gs_reveal_fromRight\">\n\t\t\t<div class='bx'>\n\t\t\t\t<h2 class=\"title\">Virtuelle 360\u00b0-Tour<\/h2>\n\t\t\t\t<div class=\"content\"><h3>Entdecken Sie Bungalowcamp Is\u00e1bena wie nie zuvor!<\/h3>\n<p>Wir laden Sie ein, jeden Winkel unseres Campingplatzes mit der neuen<span style=\"color: #ffffff;\"><a style=\"color: #ffffff;\" href=\"https:\/\/www.isabena.eu\/tour360\/\"> 360\u00b0-Tour<\/a><\/span> zu erkunden: Schlendern Sie durch unsere H\u00fctten, besichtigen Sie die Mobilheime, besuchen Sie die Rezeption, nehmen Sie im Restaurant Platz und genie\u00dfen Sie all die Bereiche, die Ihren Aufenthalt zu einem unvergesslichen Erlebnis machen.<\/p>\n<p>Eine immersive Tour, entwickelt von <span style=\"color: #ffffff;\"><a style=\"color: #ffffff;\" href=\"https:\/\/www.movimientotecnologicorural.org\/bici-ruta-rural-b-rutal\/\" target=\"_blank\" rel=\"noopener\"><strong>Brutal, einer Bewegung f\u00fcr l\u00e4ndliche Technologie<\/strong><\/a><\/span>, damit Sie Is\u00e1bena \u00fcberall erleben k\u00f6nnen.<\/p>\n<\/div>\n\t\t\t\t\t\t\t\t\t<div class=\"btn-link\">\n\t\t\t\t\t\t\t\t\t\t\t\t<a href=\"\/tour360\/\" class=''>360\u00b0-Tour ansehen<\/a>\n\t\t\t\t\t<\/div>\n\t\t\t\t\t\t\t<\/div>\n\t\t<\/div>\n\t<\/div>\n<\/section>\n\n\n<section class=\"blq-banner-img-txt  banner-white banner-with-container-image60\" >\n\t<div class=\"container\">\n\t\t<div class=\"img gs_reveal gs_reveal_fromRight\">\n\t\t\t\n\t\t\t\t\t\t<img decoding=\"async\" width=\"1920\" height=\"870\" src=\"https:\/\/www.isabena.eu\/wp-content\/uploads\/2017\/05\/isabena-camping-pool.jpg\" class=\"\" alt=\"Relax en Camping Bungalow en los Pirineos espa\u00f1oles con hamacas, piscina, tumbonas, etc. Ontspan in een kampeerbungalow in de Spaanse Pyrenee\u00ebn met hangmatten, een zwembad, ligstoelen en meer. Entspannen Sie sich in einem Campingbungalow in den spanischen Pyren\u00e4en mit H\u00e4ngematten, Pool, Sonnenliegen und mehr. Relax in a camping bungalow in the Spanish Pyrenees with hammocks, a pool, sun loungers, and more. D\u00e9tendez-vous dans un bungalow de camping dans les Pyr\u00e9n\u00e9es espagnoles avec hamacs, piscine, chaises longues et plus encore.\" srcset=\"https:\/\/www.isabena.eu\/wp-content\/uploads\/2017\/05\/isabena-camping-pool.jpg 1920w, https:\/\/www.isabena.eu\/wp-content\/uploads\/2017\/05\/isabena-camping-pool-300x136.jpg 300w, https:\/\/www.isabena.eu\/wp-content\/uploads\/2017\/05\/isabena-camping-pool-1024x464.jpg 1024w, https:\/\/www.isabena.eu\/wp-content\/uploads\/2017\/05\/isabena-camping-pool-768x348.jpg 768w, https:\/\/www.isabena.eu\/wp-content\/uploads\/2017\/05\/isabena-camping-pool-1536x696.jpg 1536w\" sizes=\"(max-width: 1920px) 100vw, 1920px\" \/>\t\t\t\t\t<\/div>\n\t\t<div class=\"txt gs_reveal gs_reveal_fromLeft\">\n\t\t\t<div class='bx'>\n\t\t\t\t<h2 class=\"title\">Erholung und Ruhe <\/h2>\n\t\t\t\t<div class=\"content\"><h4>Abschalten ist garantiert<\/h4>\n<p>Entdecken Sie in unserem Wellnessbereich ein einzigartiges Erlebnis zur St\u00e4rkung von K\u00f6rper und Geist. Der perfekte Ort, um sich auszuruhen, zu entspannen und sich zu regenerieren.<\/p>\n<\/div>\n\t\t\t\t\t\t\t\t\t<div class=\"btn-link\">\n\t\t\t\t\t\t\t\t\t\t\t\t<a href=\"\/erholung\/\" class='btn-gris'>Mehr erfahren<\/a>\n\t\t\t\t\t<\/div>\n\t\t\t\t\t\t\t<\/div>\n\t\t<\/div>\n\t<\/div>\n<\/section>\n\n\n<section class=\"blq-carousel-posts\">\n\t<div class=\"container\">\n\t\t<div class=\"title\">Erkunden Sie die spanischen Pyren\u00e4en<\/div>\n\t\t<div class=\"content\"><p>Starten Sie zu einem neuen Abenteuer.<\/p>\n<\/div>\n\t\t<div class=\"carousel-posts gs_reveal gs_reveal_fromBottom\">\n\t\t\t\t\t\t\t\t\t\t\t<article id=\"post-23516\">\n\t<div class=\"page-content\">\n\t\t<figure>\n\t\t\t<img decoding=\"async\" width=\"680\" height=\"454\" src=\"https:\/\/www.isabena.eu\/wp-content\/uploads\/2024\/11\/Rio-Ara-desde-el-Puente-de-Santa-Elena-Bujaruelo-1024x683.jpeg\" class=\"attachment-large size-large wp-post-image\" alt=\"Camping Pirineo Aragon\u00e9s, naturaleza pura. Camping de monta\u00f1a. Bungalow y caba\u00f1a de madera, y parcelas en el pirineo aragon\u00e9s. Camping Pirineo Aragon\u00e9s, nature \u00e0 l&#039;\u00e9tat pur. Camping de montagne. Bungalows, chalets et emplacements dans les Pyr\u00e9n\u00e9es espagnoles. Camping Pirineo Aragon\u00e9s, pure nature. Mountain camping. Bungalows and log cabins, and pitches in the Spanish Pyrenees. Camping Pirineo Aragon\u00e9s, Natur pur. Bergcamping. Bungalows, Blockh\u00fctten und Stellpl\u00e4tze in den spanischen Pyren\u00e4en. Camping Pirineo Aragon\u00e9s, puur natuur. Kamperen in de bergen. Bungalows, blokhutten en staanplaatsen in de Spaanse Pyrenee\u00ebn.\" srcset=\"https:\/\/www.isabena.eu\/wp-content\/uploads\/2024\/11\/Rio-Ara-desde-el-Puente-de-Santa-Elena-Bujaruelo-1024x683.jpeg 1024w, https:\/\/www.isabena.eu\/wp-content\/uploads\/2024\/11\/Rio-Ara-desde-el-Puente-de-Santa-Elena-Bujaruelo-300x200.jpeg 300w, https:\/\/www.isabena.eu\/wp-content\/uploads\/2024\/11\/Rio-Ara-desde-el-Puente-de-Santa-Elena-Bujaruelo-768x512.jpeg 768w, https:\/\/www.isabena.eu\/wp-content\/uploads\/2024\/11\/Rio-Ara-desde-el-Puente-de-Santa-Elena-Bujaruelo-1536x1024.jpeg 1536w, https:\/\/www.isabena.eu\/wp-content\/uploads\/2024\/11\/Rio-Ara-desde-el-Puente-de-Santa-Elena-Bujaruelo-1965x1310.jpeg 1965w, https:\/\/www.isabena.eu\/wp-content\/uploads\/2024\/11\/Rio-Ara-desde-el-Puente-de-Santa-Elena-Bujaruelo.jpeg 2048w\" sizes=\"(max-width: 680px) 100vw, 680px\" \/>\t\t<\/figure>\n\t\t<p class=\"byline\">\n\t\t\t<time class=\"updated entry-time\" datetime=\"2026-04-14\" itemprop=\"datePublished\">April 14, 2026<\/time>\n\t\t<\/p>\n\t\t<h3><a href=\"https:\/\/www.isabena.eu\/de\/que-ver-en-el-pirineo-aragones-en-primavera-guia-completa-2026\/\" rel=\"bookmark\">Was man im Fr\u00fchling in den spanischen Pyren\u00e4en sehen kann: kompletter Guide 2026<\/a><\/h3>\n\t\t<div class=\"bx-readmore\">\n\t\t\t<a href=\"https:\/\/www.isabena.eu\/de\/que-ver-en-el-pirineo-aragones-en-primavera-guia-completa-2026\/\">Read Article<\/a>\n\t\t<\/div>\n\t<\/div>\n<\/article>\n\t\t\t\t\t\t\t\t\t\t\t<article id=\"post-23419\">\n\t<div class=\"page-content\">\n\t\t<figure>\n\t\t\t<img decoding=\"async\" width=\"680\" height=\"499\" src=\"https:\/\/www.isabena.eu\/wp-content\/uploads\/2024\/06\/Rutas-senderismo-ninos-1024x752.jpg\" class=\"attachment-large size-large wp-post-image\" alt=\"Rutas senderismo ni\u00f1os\" srcset=\"https:\/\/www.isabena.eu\/wp-content\/uploads\/2024\/06\/Rutas-senderismo-ninos-1024x752.jpg 1024w, https:\/\/www.isabena.eu\/wp-content\/uploads\/2024\/06\/Rutas-senderismo-ninos-300x220.jpg 300w, https:\/\/www.isabena.eu\/wp-content\/uploads\/2024\/06\/Rutas-senderismo-ninos-768x564.jpg 768w, https:\/\/www.isabena.eu\/wp-content\/uploads\/2024\/06\/Rutas-senderismo-ninos-1536x1128.jpg 1536w, https:\/\/www.isabena.eu\/wp-content\/uploads\/2024\/06\/Rutas-senderismo-ninos-1784x1310.jpg 1784w, https:\/\/www.isabena.eu\/wp-content\/uploads\/2024\/06\/Rutas-senderismo-ninos.jpg 1920w\" sizes=\"(max-width: 680px) 100vw, 680px\" \/>\t\t<\/figure>\n\t\t<p class=\"byline\">\n\t\t\t<time class=\"updated entry-time\" datetime=\"2026-03-26\" itemprop=\"datePublished\">M\u00e4rz 26, 2026<\/time>\n\t\t<\/p>\n\t\t<h3><a href=\"https:\/\/www.isabena.eu\/de\/aktivitaeten-in-den-pyrenaeen-in-spanien-waehrend-ostern\/\" rel=\"bookmark\">Aktivit\u00e4ten in den Pyren\u00e4en in Spanien w\u00e4hrend Ostern<\/a><\/h3>\n\t\t<div class=\"bx-readmore\">\n\t\t\t<a href=\"https:\/\/www.isabena.eu\/de\/aktivitaeten-in-den-pyrenaeen-in-spanien-waehrend-ostern\/\">Read Article<\/a>\n\t\t<\/div>\n\t<\/div>\n<\/article>\n\t\t\t\t\t\t\t\t\t\t\t<article id=\"post-23324\">\n\t<div class=\"page-content\">\n\t\t<figure>\n\t\t\t<img decoding=\"async\" width=\"680\" height=\"454\" src=\"https:\/\/www.isabena.eu\/wp-content\/uploads\/2026\/03\/camping-isabena-1024x683.jpg\" class=\"attachment-large size-large wp-post-image\" alt=\"\" srcset=\"https:\/\/www.isabena.eu\/wp-content\/uploads\/2026\/03\/camping-isabena-1024x683.jpg 1024w, https:\/\/www.isabena.eu\/wp-content\/uploads\/2026\/03\/camping-isabena-300x200.jpg 300w, https:\/\/www.isabena.eu\/wp-content\/uploads\/2026\/03\/camping-isabena-768x512.jpg 768w, https:\/\/www.isabena.eu\/wp-content\/uploads\/2026\/03\/camping-isabena.jpg 1536w\" sizes=\"(max-width: 680px) 100vw, 680px\" \/>\t\t<\/figure>\n\t\t<p class=\"byline\">\n\t\t\t<time class=\"updated entry-time\" datetime=\"2026-03-10\" itemprop=\"datePublished\">M\u00e4rz 10, 2026<\/time>\n\t\t<\/p>\n\t\t<h3><a href=\"https:\/\/www.isabena.eu\/de\/buchen-sie-jetzt-ihren-urlaub-in-einem-haustierfreundlichen-bungalow-auf-einem-campingplatz-in-den-pyrenaeen\/\" rel=\"bookmark\">Buchen Sie jetzt Ihren Urlaub in einem haustierfreundlichen Bungalow auf einem Campingplatz in den Pyren\u00e4en<\/a><\/h3>\n\t\t<div class=\"bx-readmore\">\n\t\t\t<a href=\"https:\/\/www.isabena.eu\/de\/buchen-sie-jetzt-ihren-urlaub-in-einem-haustierfreundlichen-bungalow-auf-einem-campingplatz-in-den-pyrenaeen\/\">Read Article<\/a>\n\t\t<\/div>\n\t<\/div>\n<\/article>\n\t\t\t\t\t\t\t\t\t\t\t<article id=\"post-23312\">\n\t<div class=\"page-content\">\n\t\t<figure>\n\t\t\t<img decoding=\"async\" width=\"329\" height=\"333\" src=\"https:\/\/www.isabena.eu\/wp-content\/uploads\/2025\/03\/bielsa.webp\" class=\"attachment-large size-large wp-post-image\" alt=\"\" srcset=\"https:\/\/www.isabena.eu\/wp-content\/uploads\/2025\/03\/bielsa.webp 329w, https:\/\/www.isabena.eu\/wp-content\/uploads\/2025\/03\/bielsa-296x300.webp 296w\" sizes=\"(max-width: 329px) 100vw, 329px\" \/>\t\t<\/figure>\n\t\t<p class=\"byline\">\n\t\t\t<time class=\"updated entry-time\" datetime=\"2026-02-27\" itemprop=\"datePublished\">Februar 27, 2026<\/time>\n\t\t<\/p>\n\t\t<h3><a href=\"https:\/\/www.isabena.eu\/de\/10-orte-um-mit-der-familie-in-den-aragonischen-pyrenaeen-zu-essen\/\" rel=\"bookmark\">10 Orte, um mit der Familie in den Aragonischen Pyren\u00e4en zu essen<\/a><\/h3>\n\t\t<div class=\"bx-readmore\">\n\t\t\t<a href=\"https:\/\/www.isabena.eu\/de\/10-orte-um-mit-der-familie-in-den-aragonischen-pyrenaeen-zu-essen\/\">Read Article<\/a>\n\t\t<\/div>\n\t<\/div>\n<\/article>\n\t\t\t\t\t\t\t\t\t\t\t<article id=\"post-23172\">\n\t<div class=\"page-content\">\n\t\t<figure>\n\t\t\t<img decoding=\"async\" width=\"680\" height=\"383\" src=\"https:\/\/www.isabena.eu\/wp-content\/uploads\/2024\/04\/Camping-Pirineo-Aragones-2.jpg\" class=\"attachment-large size-large wp-post-image\" alt=\"Camping Pirineo Aragon\u00e9s\" srcset=\"https:\/\/www.isabena.eu\/wp-content\/uploads\/2024\/04\/Camping-Pirineo-Aragones-2.jpg 1000w, https:\/\/www.isabena.eu\/wp-content\/uploads\/2024\/04\/Camping-Pirineo-Aragones-2-300x169.jpg 300w, https:\/\/www.isabena.eu\/wp-content\/uploads\/2024\/04\/Camping-Pirineo-Aragones-2-768x432.jpg 768w\" sizes=\"(max-width: 680px) 100vw, 680px\" \/>\t\t<\/figure>\n\t\t<p class=\"byline\">\n\t\t\t<time class=\"updated entry-time\" datetime=\"2026-02-11\" itemprop=\"datePublished\">Februar 11, 2026<\/time>\n\t\t<\/p>\n\t\t<h3><a href=\"https:\/\/www.isabena.eu\/de\/die-besten-aktivitaeten-in-den-aragonischen-pyrenaeen-im-fruehling-und-sommer\/\" rel=\"bookmark\">Die besten Aktivit\u00e4ten in den spanischen Pyren\u00e4en im Fr\u00fchling und Sommer<\/a><\/h3>\n\t\t<div class=\"bx-readmore\">\n\t\t\t<a href=\"https:\/\/www.isabena.eu\/de\/die-besten-aktivitaeten-in-den-aragonischen-pyrenaeen-im-fruehling-und-sommer\/\">Read Article<\/a>\n\t\t<\/div>\n\t<\/div>\n<\/article>\n\t\t\t\t\t\t\t\t\t\t\t<article id=\"post-23099\">\n\t<div class=\"page-content\">\n\t\t<figure>\n\t\t\t<img decoding=\"async\" width=\"512\" height=\"434\" src=\"https:\/\/www.isabena.eu\/wp-content\/uploads\/2025\/03\/ibon-de-anayet.webp\" class=\"attachment-large size-large wp-post-image\" alt=\"\" srcset=\"https:\/\/www.isabena.eu\/wp-content\/uploads\/2025\/03\/ibon-de-anayet.webp 512w, https:\/\/www.isabena.eu\/wp-content\/uploads\/2025\/03\/ibon-de-anayet-300x254.webp 300w\" sizes=\"(max-width: 512px) 100vw, 512px\" \/>\t\t<\/figure>\n\t\t<p class=\"byline\">\n\t\t\t<time class=\"updated entry-time\" datetime=\"2026-01-28\" itemprop=\"datePublished\">Januar 28, 2026<\/time>\n\t\t<\/p>\n\t\t<h3><a href=\"https:\/\/www.isabena.eu\/de\/warum-huesca-und-die-aragonesischen-pyrenaeen-spaniens-fuehrende-region-fuer-abenteuertourismus-sind\/\" rel=\"bookmark\">Warum Huesca und die spanischen Pyren\u00e4en, Spaniens f\u00fchrende Region f\u00fcr Abenteuertourismus sind\u00a0<\/a><\/h3>\n\t\t<div class=\"bx-readmore\">\n\t\t\t<a href=\"https:\/\/www.isabena.eu\/de\/warum-huesca-und-die-aragonesischen-pyrenaeen-spaniens-fuehrende-region-fuer-abenteuertourismus-sind\/\">Read Article<\/a>\n\t\t<\/div>\n\t<\/div>\n<\/article>\n\t\t\t\t\t\t\t\t\t\t\t<article id=\"post-23090\">\n\t<div class=\"page-content\">\n\t\t<figure>\n\t\t\t<img decoding=\"async\" width=\"680\" height=\"422\" src=\"https:\/\/www.isabena.eu\/wp-content\/uploads\/2026\/01\/roda_de_isabena_1.jpg\" class=\"attachment-large size-large wp-post-image\" alt=\"\" srcset=\"https:\/\/www.isabena.eu\/wp-content\/uploads\/2026\/01\/roda_de_isabena_1.jpg 1000w, https:\/\/www.isabena.eu\/wp-content\/uploads\/2026\/01\/roda_de_isabena_1-300x186.jpg 300w, https:\/\/www.isabena.eu\/wp-content\/uploads\/2026\/01\/roda_de_isabena_1-768x476.jpg 768w\" sizes=\"(max-width: 680px) 100vw, 680px\" \/>\t\t<\/figure>\n\t\t<p class=\"byline\">\n\t\t\t<time class=\"updated entry-time\" datetime=\"2026-01-14\" itemprop=\"datePublished\">Januar 14, 2026<\/time>\n\t\t<\/p>\n\t\t<h3><a href=\"https:\/\/www.isabena.eu\/de\/wann-ist-die-beste-reisezeit-fuer-isabena-die-ideale-zeit-fuer-einen-familienurlaub-in-den-pyrenaeen-abseits-der-touristenmassen\/\" rel=\"bookmark\">Wann ist die beste Reisezeit f\u00fcr Is\u00e1bena? Die ideale Zeit f\u00fcr einen Familienurlaub in den Pyren\u00e4en abseits der Touristenmassen<\/a><\/h3>\n\t\t<div class=\"bx-readmore\">\n\t\t\t<a href=\"https:\/\/www.isabena.eu\/de\/wann-ist-die-beste-reisezeit-fuer-isabena-die-ideale-zeit-fuer-einen-familienurlaub-in-den-pyrenaeen-abseits-der-touristenmassen\/\">Read Article<\/a>\n\t\t<\/div>\n\t<\/div>\n<\/article>\n\t\t\t\t\t\t\t\t\t\t\t<article id=\"post-22903\">\n\t<div class=\"page-content\">\n\t\t<figure>\n\t\t\t<img decoding=\"async\" width=\"680\" height=\"340\" src=\"https:\/\/www.isabena.eu\/wp-content\/uploads\/2023\/06\/AP1W3549-1024x512.jpg\" class=\"attachment-large size-large wp-post-image\" alt=\"Bungalows Pirineo Aragon\u00e9s\" srcset=\"https:\/\/www.isabena.eu\/wp-content\/uploads\/2023\/06\/AP1W3549-1024x512.jpg 1024w, https:\/\/www.isabena.eu\/wp-content\/uploads\/2023\/06\/AP1W3549-300x150.jpg 300w, https:\/\/www.isabena.eu\/wp-content\/uploads\/2023\/06\/AP1W3549-768x384.jpg 768w, https:\/\/www.isabena.eu\/wp-content\/uploads\/2023\/06\/AP1W3549-1536x768.jpg 1536w, https:\/\/www.isabena.eu\/wp-content\/uploads\/2023\/06\/AP1W3549-2048x1024.jpg 2048w\" sizes=\"(max-width: 680px) 100vw, 680px\" \/>\t\t<\/figure>\n\t\t<p class=\"byline\">\n\t\t\t<time class=\"updated entry-time\" datetime=\"2025-12-17\" itemprop=\"datePublished\">Dezember 17, 2025<\/time>\n\t\t<\/p>\n\t\t<h3><a href=\"https:\/\/www.isabena.eu\/de\/reserva-ahora-para-2026-ventajas-exclusivas-al-reservar-tu-camping-en-espana\/\" rel=\"bookmark\">Jetzt f\u00fcr 2026 buchen: Exklusive Vorteile bei der Reservierung Ihres Campingplatzes in Spanien<\/a><\/h3>\n\t\t<div class=\"bx-readmore\">\n\t\t\t<a href=\"https:\/\/www.isabena.eu\/de\/reserva-ahora-para-2026-ventajas-exclusivas-al-reservar-tu-camping-en-espana\/\">Read Article<\/a>\n\t\t<\/div>\n\t<\/div>\n<\/article>\n\t\t\t\t\t\t\t\t\t\t\t<article id=\"post-22942\">\n\t<div class=\"page-content\">\n\t\t<figure>\n\t\t\t<img decoding=\"async\" width=\"680\" height=\"454\" src=\"https:\/\/www.isabena.eu\/wp-content\/uploads\/2025\/04\/Vacaciones-en-bungalow-en-los-Pirineos-Aragoneses-en-un-bungalow-con-encanto-en-la-alta-montana-de-Espana-1024x683.jpg\" class=\"attachment-large size-large wp-post-image\" alt=\"\" srcset=\"https:\/\/www.isabena.eu\/wp-content\/uploads\/2025\/04\/Vacaciones-en-bungalow-en-los-Pirineos-Aragoneses-en-un-bungalow-con-encanto-en-la-alta-montana-de-Espana-1024x683.jpg 1024w, https:\/\/www.isabena.eu\/wp-content\/uploads\/2025\/04\/Vacaciones-en-bungalow-en-los-Pirineos-Aragoneses-en-un-bungalow-con-encanto-en-la-alta-montana-de-Espana-300x200.jpg 300w, https:\/\/www.isabena.eu\/wp-content\/uploads\/2025\/04\/Vacaciones-en-bungalow-en-los-Pirineos-Aragoneses-en-un-bungalow-con-encanto-en-la-alta-montana-de-Espana-768x512.jpg 768w, https:\/\/www.isabena.eu\/wp-content\/uploads\/2025\/04\/Vacaciones-en-bungalow-en-los-Pirineos-Aragoneses-en-un-bungalow-con-encanto-en-la-alta-montana-de-Espana-1536x1025.jpg 1536w, https:\/\/www.isabena.eu\/wp-content\/uploads\/2025\/04\/Vacaciones-en-bungalow-en-los-Pirineos-Aragoneses-en-un-bungalow-con-encanto-en-la-alta-montana-de-Espana-2048x1366.jpg 2048w, https:\/\/www.isabena.eu\/wp-content\/uploads\/2025\/04\/Vacaciones-en-bungalow-en-los-Pirineos-Aragoneses-en-un-bungalow-con-encanto-en-la-alta-montana-de-Espana-1963x1310.jpg 1963w\" sizes=\"(max-width: 680px) 100vw, 680px\" \/>\t\t<\/figure>\n\t\t<p class=\"byline\">\n\t\t\t<time class=\"updated entry-time\" datetime=\"2025-12-09\" itemprop=\"datePublished\">Dezember 9, 2025<\/time>\n\t\t<\/p>\n\t\t<h3><a href=\"https:\/\/www.isabena.eu\/de\/entdecken-sie-camping-bungalowcamp-isabena-mit-unserer-neuen-360o-virtuellen-tour\/\" rel=\"bookmark\">Entdecken Sie Camping Bungalowcamp Is\u00e1bena mit unserer neuen 360\u00ba-Virtuellen Tour<\/a><\/h3>\n\t\t<div class=\"bx-readmore\">\n\t\t\t<a href=\"https:\/\/www.isabena.eu\/de\/entdecken-sie-camping-bungalowcamp-isabena-mit-unserer-neuen-360o-virtuellen-tour\/\">Read Article<\/a>\n\t\t<\/div>\n\t<\/div>\n<\/article>\n\t\t\t\t\t<\/div>\n\t<\/div>\n<\/section>\n","protected":false},"excerpt":{"rendered":"","protected":false},"author":2,"featured_media":4271,"parent":0,"menu_order":0,"comment_status":"closed","ping_status":"closed","template":"page-full-width.php","meta":{"_acf_changed":false,"_joinchat":[],"footnotes":""},"class_list":["post-6422","page","type-page","status-publish","has-post-thumbnail","hentry"],"acf":[],"yoast_head":"<!-- This site is optimized with the Yoast SEO plugin v24.7 - https:\/\/yoast.com\/wordpress\/plugins\/seo\/ -->\n<title>Campingplatz in den spanischen Pyren\u00e4en - Bungalowpark Is\u00e1bena<\/title>\n<meta name=\"description\" content=\"Camping in den spanischen Pyren\u00e4en. Genie\u00dfen Sie unsere: Bungalows, Mobilheime, Campingpl\u00e4tze, wir warten auf Sie!\" \/>\n<meta name=\"robots\" content=\"index, follow, max-snippet:-1, max-image-preview:large, max-video-preview:-1\" \/>\n<link rel=\"canonical\" href=\"https:\/\/www.isabena.eu\/de\/\" \/>\n<meta property=\"og:locale\" content=\"de_DE\" \/>\n<meta property=\"og:type\" content=\"article\" \/>\n<meta property=\"og:title\" content=\"Campingplatz in den spanischen Pyren\u00e4en - Bungalowpark Is\u00e1bena\" \/>\n<meta property=\"og:description\" content=\"Camping in den spanischen Pyren\u00e4en. Genie\u00dfen Sie unsere: Bungalows, Mobilheime, Campingpl\u00e4tze, wir warten auf Sie!\" \/>\n<meta property=\"og:url\" content=\"https:\/\/www.isabena.eu\/de\/\" \/>\n<meta property=\"og:site_name\" content=\"Camping Is\u00e1bena\" \/>\n<meta property=\"article:publisher\" content=\"https:\/\/www.facebook.com\/Campingbungalparkisabena\" \/>\n<meta property=\"article:modified_time\" content=\"2025-12-09T12:04:14+00:00\" \/>\n<meta property=\"og:image\" content=\"https:\/\/www.isabena.eu\/wp-content\/uploads\/2017\/05\/isabena-camping-pool.jpg\" \/>\n\t<meta property=\"og:image:width\" content=\"1920\" \/>\n\t<meta property=\"og:image:height\" content=\"870\" \/>\n\t<meta property=\"og:image:type\" content=\"image\/jpeg\" \/>\n<meta name=\"twitter:card\" content=\"summary_large_image\" \/>\n<meta name=\"twitter:site\" content=\"@CampingIsbena\" \/>\n<meta name=\"twitter:label1\" content=\"Gesch\u00e4tzte Lesezeit\" \/>\n\t<meta name=\"twitter:data1\" content=\"1\u00a0Minute\" \/>\n<!-- \/ Yoast SEO plugin. -->","yoast_head_json":{"title":"Campingplatz in den spanischen Pyren\u00e4en - Bungalowpark Is\u00e1bena","description":"Camping in den spanischen Pyren\u00e4en. Genie\u00dfen Sie unsere: Bungalows, Mobilheime, Campingpl\u00e4tze, wir warten auf Sie!","robots":{"index":"index","follow":"follow","max-snippet":"max-snippet:-1","max-image-preview":"max-image-preview:large","max-video-preview":"max-video-preview:-1"},"canonical":"https:\/\/www.isabena.eu\/de\/","og_locale":"de_DE","og_type":"article","og_title":"Campingplatz in den spanischen Pyren\u00e4en - Bungalowpark Is\u00e1bena","og_description":"Camping in den spanischen Pyren\u00e4en. Genie\u00dfen Sie unsere: Bungalows, Mobilheime, Campingpl\u00e4tze, wir warten auf Sie!","og_url":"https:\/\/www.isabena.eu\/de\/","og_site_name":"Camping Is\u00e1bena","article_publisher":"https:\/\/www.facebook.com\/Campingbungalparkisabena","article_modified_time":"2025-12-09T12:04:14+00:00","og_image":[{"width":1920,"height":870,"url":"https:\/\/www.isabena.eu\/wp-content\/uploads\/2017\/05\/isabena-camping-pool.jpg","type":"image\/jpeg"}],"twitter_card":"summary_large_image","twitter_site":"@CampingIsbena","twitter_misc":{"Gesch\u00e4tzte Lesezeit":"1\u00a0Minute"},"schema":{"@context":"https:\/\/schema.org","@graph":[{"@type":"WebPage","@id":"https:\/\/www.isabena.eu\/de\/","url":"https:\/\/www.isabena.eu\/de\/","name":"Campingplatz in den spanischen Pyren\u00e4en - Bungalowpark Is\u00e1bena","isPartOf":{"@id":"https:\/\/www.isabena.eu\/de\/#website"},"primaryImageOfPage":{"@id":"https:\/\/www.isabena.eu\/de\/#primaryimage"},"image":{"@id":"https:\/\/www.isabena.eu\/de\/#primaryimage"},"thumbnailUrl":"https:\/\/www.isabena.eu\/wp-content\/uploads\/2017\/05\/isabena-camping-pool.jpg","datePublished":"2023-05-31T09:07:42+00:00","dateModified":"2025-12-09T12:04:14+00:00","description":"Camping in den spanischen Pyren\u00e4en. Genie\u00dfen Sie unsere: Bungalows, Mobilheime, Campingpl\u00e4tze, wir warten auf Sie!","breadcrumb":{"@id":"https:\/\/www.isabena.eu\/de\/#breadcrumb"},"inLanguage":"de","potentialAction":[{"@type":"ReadAction","target":["https:\/\/www.isabena.eu\/de\/"]}]},{"@type":"ImageObject","inLanguage":"de","@id":"https:\/\/www.isabena.eu\/de\/#primaryimage","url":"https:\/\/www.isabena.eu\/wp-content\/uploads\/2017\/05\/isabena-camping-pool.jpg","contentUrl":"https:\/\/www.isabena.eu\/wp-content\/uploads\/2017\/05\/isabena-camping-pool.jpg","width":1920,"height":870,"caption":""},{"@type":"BreadcrumbList","@id":"https:\/\/www.isabena.eu\/de\/#breadcrumb","itemListElement":[{"@type":"ListItem","position":1,"name":"Home","item":"https:\/\/www.isabena.eu\/de\/"},{"@type":"ListItem","position":2,"name":"Inicio"}]},{"@type":"WebSite","@id":"https:\/\/www.isabena.eu\/de\/#website","url":"https:\/\/www.isabena.eu\/de\/","name":"Camping Is\u00e1bena","description":"Bienvenidos al Camping &amp; Bungalowpark Is\u00e1bena en La Puebla de Roda, en el sur de los Pirineos Centrales. Un camping acogedor con miles de actividades disponibles.","publisher":{"@id":"https:\/\/www.isabena.eu\/de\/#organization"},"alternateName":"Camping Is\u00e1bena","potentialAction":[{"@type":"SearchAction","target":{"@type":"EntryPoint","urlTemplate":"https:\/\/www.isabena.eu\/de\/?s={search_term_string}"},"query-input":{"@type":"PropertyValueSpecification","valueRequired":true,"valueName":"search_term_string"}}],"inLanguage":"de"},{"@type":"Organization","@id":"https:\/\/www.isabena.eu\/de\/#organization","name":"Camping Is\u00e1bena","alternateName":"Camping Is\u00e1bena","url":"https:\/\/www.isabena.eu\/de\/","logo":{"@type":"ImageObject","inLanguage":"de","@id":"https:\/\/www.isabena.eu\/de\/#\/schema\/logo\/image\/","url":"https:\/\/www.isabena.eu\/wp-content\/uploads\/2023\/06\/Logo-Color-cuadrado.png","contentUrl":"https:\/\/www.isabena.eu\/wp-content\/uploads\/2023\/06\/Logo-Color-cuadrado.png","width":314,"height":314,"caption":"Camping Is\u00e1bena"},"image":{"@id":"https:\/\/www.isabena.eu\/de\/#\/schema\/logo\/image\/"},"sameAs":["https:\/\/www.facebook.com\/Campingbungalparkisabena","https:\/\/x.com\/CampingIsbena","https:\/\/www.instagram.com\/camping_bungalowpark_isabena\/","https:\/\/www.youtube.com\/user\/CampingIsabena"]}]}},"_links":{"self":[{"href":"https:\/\/www.isabena.eu\/de\/wp-json\/wp\/v2\/pages\/6422","targetHints":{"allow":["GET"]}}],"collection":[{"href":"https:\/\/www.isabena.eu\/de\/wp-json\/wp\/v2\/pages"}],"about":[{"href":"https:\/\/www.isabena.eu\/de\/wp-json\/wp\/v2\/types\/page"}],"author":[{"embeddable":true,"href":"https:\/\/www.isabena.eu\/de\/wp-json\/wp\/v2\/users\/2"}],"replies":[{"embeddable":true,"href":"https:\/\/www.isabena.eu\/de\/wp-json\/wp\/v2\/comments?post=6422"}],"version-history":[{"count":15,"href":"https:\/\/www.isabena.eu\/de\/wp-json\/wp\/v2\/pages\/6422\/revisions"}],"predecessor-version":[{"id":22791,"href":"https:\/\/www.isabena.eu\/de\/wp-json\/wp\/v2\/pages\/6422\/revisions\/22791"}],"wp:featuredmedia":[{"embeddable":true,"href":"https:\/\/www.isabena.eu\/de\/wp-json\/wp\/v2\/media\/4271"}],"wp:attachment":[{"href":"https:\/\/www.isabena.eu\/de\/wp-json\/wp\/v2\/media?parent=6422"}],"curies":[{"name":"wp","href":"https:\/\/api.w.org\/{rel}","templated":true}]}}